
{"id":150,"date":"2020-08-02T17:04:48","date_gmt":"2020-08-02T17:04:48","guid":{"rendered":"http:\/\/www.turf.fr\/social\/?page_id=150"},"modified":"2020-08-14T10:17:06","modified_gmt":"2020-08-14T10:17:06","slug":"pronostics-turf","status":"publish","type":"page","link":"https:\/\/www.turf.fr\/social\/pronostics-turf\/","title":{"rendered":"Pronostics Turf"},"content":{"rendered":"\t\t<div data-elementor-type=\"wp-page\" data-elementor-id=\"150\" class=\"elementor elementor-150\" data-elementor-post-type=\"page\">\n\t\t\t\t\t\t<section class=\"elementor-section elementor-top-section elementor-element elementor-element-9c2e718 elementor-section-boxed elementor-section-height-default elementor-section-height-default\" data-id=\"9c2e718\" data-element_type=\"section\">\n\t\t\t\t\t\t<div class=\"elementor-container elementor-column-gap-default\">\n\t\t\t\t\t<div class=\"elementor-column elementor-col-100 elementor-top-column elementor-element elementor-element-6673554\" data-id=\"6673554\" data-element_type=\"column\">\n\t\t\t<div class=\"elementor-widget-wrap elementor-element-populated\">\n\t\t\t\t\t\t<div class=\"elementor-element elementor-element-49cf85a elementor-widget elementor-widget-heading\" data-id=\"49cf85a\" data-element_type=\"widget\" data-widget_type=\"heading.default\">\n\t\t\t\t<div class=\"elementor-widget-container\">\n\t\t\t<h1 class=\"elementor-heading-title elementor-size-default\">Vos Pronostics TURF <\/h1>\t\t<\/div>\n\t\t\t\t<\/div>\n\t\t\t\t<div class=\"elementor-element elementor-element-a6e6c17 elementor-widget elementor-widget-text-editor\" data-id=\"a6e6c17\" data-element_type=\"widget\" data-widget_type=\"text-editor.default\">\n\t\t\t\t<div class=\"elementor-widget-container\">\n\t\t\t\t\t\t\t<p>Nous pr\u00e9sentons ici tous les derniers articles, pronostics Quint\u00e9, Tierc\u00e9, Quart\u00e9 et conseils de jeux des membres TURF.FR.\u00a0<br \/>Tous les membres TURF.FR sont libres <a href=\"http:\/\/www.turf.fr\/social\/ecrire-un-article-de-blog\/\">d&#8217;ouvrir leur propre blog<\/a> et \u00eatre visible publiquement par des milliers de visiteurs chaque jour.<br \/><strong>Devenez le meilleur pronostiqueur PMU sur web et formez votre propre communaut\u00e9 TURF.\u00a0<\/strong><\/p>\t\t\t\t\t\t<\/div>\n\t\t\t\t<\/div>\n\t\t\t\t<div class=\"elementor-element elementor-element-a03c677 elementor-grid-3 elementor-grid-tablet-2 elementor-grid-mobile-1 elementor-posts--thumbnail-top elementor-posts--show-avatar elementor-card-shadow-yes elementor-posts__hover-gradient elementor-widget elementor-widget-posts\" data-id=\"a03c677\" data-element_type=\"widget\" data-settings=\"{&quot;cards_columns&quot;:&quot;3&quot;,&quot;cards_columns_tablet&quot;:&quot;2&quot;,&quot;cards_columns_mobile&quot;:&quot;1&quot;,&quot;cards_row_gap&quot;:{&quot;unit&quot;:&quot;px&quot;,&quot;size&quot;:35,&quot;sizes&quot;:[]},&quot;cards_row_gap_tablet&quot;:{&quot;unit&quot;:&quot;px&quot;,&quot;size&quot;:&quot;&quot;,&quot;sizes&quot;:[]},&quot;cards_row_gap_mobile&quot;:{&quot;unit&quot;:&quot;px&quot;,&quot;size&quot;:&quot;&quot;,&quot;sizes&quot;:[]}}\" data-widget_type=\"posts.cards\">\n\t\t\t\t<div class=\"elementor-widget-container\">\n\t\t\t\t\t<div class=\"elementor-posts-container elementor-posts elementor-posts--skin-cards elementor-grid\">\n\t\t\t\t<article class=\"elementor-post elementor-grid-item post-23848 post type-post status-publish format-standard hentry category-blog-turf-communaute\">\n\t\t\t<div class=\"elementor-post__card\">\n\t\t\t\t<div class=\"elementor-post__text\">\n\t\t\t\t<h2 class=\"elementor-post__title\">\n\t\t\t<a href=\"https:\/\/www.turf.fr\/social\/solution-de-protection-des-equipements-biomedicaux\/\">\n\t\t\t\tSolution de protection des \u00e9quipements biom\u00e9dicaux\t\t\t<\/a>\n\t\t<\/h2>\n\t\t\t\t<div class=\"elementor-post__excerpt\">\n\t\t\t<p>\u00c0 l&#8217;\u00e8re actuelle du d\u00e9veloppement technologique rapide, les \u00e9quipements biom\u00e9dicaux sont de plus en plus utilis\u00e9s, des moniteurs de fr\u00e9quence cardiaque aux ventilateurs en passant<\/p>\n\t\t<\/div>\n\t\t\n\t\t<a class=\"elementor-post__read-more\" href=\"https:\/\/www.turf.fr\/social\/solution-de-protection-des-equipements-biomedicaux\/\" aria-label=\"En savoir plus sur Solution de protection des \u00e9quipements biom\u00e9dicaux\" tabindex=\"-1\">\n\t\t\tLire la suite de l'article \t\t<\/a>\n\n\t\t\t\t<\/div>\n\t\t\t\t<div class=\"elementor-post__meta-data\">\n\t\t\t\t\t<span class=\"elementor-post-date\">\n\t\t\td\u00e9cembre 6, 2024\t\t<\/span>\n\t\t\t\t<span class=\"elementor-post-avatar\">\n\t\t\tAucun commentaire\t\t<\/span>\n\t\t\t\t<\/div>\n\t\t\t\t\t<\/div>\n\t\t<\/article>\n\t\t\t\t<article class=\"elementor-post elementor-grid-item post-13617 post type-post status-publish format-standard hentry category-blog-turf-communaute\">\n\t\t\t<div class=\"elementor-post__card\">\n\t\t\t\t<div class=\"elementor-post__text\">\n\t\t\t\t<h2 class=\"elementor-post__title\">\n\t\t\t<a href=\"https:\/\/www.turf.fr\/social\/la-programmation-hippique-de-pmu-france\/\">\n\t\t\t\tla programmation hippique de pmu france\t\t\t<\/a>\n\t\t<\/h2>\n\t\t\t\t<div class=\"elementor-post__excerpt\">\n\t\t\t<p>Amis turfistes le pmu france est une programmation de numeros dont toutes nos arriv\u00e9es sont connues d avances ecrivez a l une de nos grandes<\/p>\n\t\t<\/div>\n\t\t\n\t\t<a class=\"elementor-post__read-more\" href=\"https:\/\/www.turf.fr\/social\/la-programmation-hippique-de-pmu-france\/\" aria-label=\"En savoir plus sur la programmation hippique de pmu france\" tabindex=\"-1\">\n\t\t\tLire la suite de l'article \t\t<\/a>\n\n\t\t\t\t<\/div>\n\t\t\t\t<div class=\"elementor-post__meta-data\">\n\t\t\t\t\t<span class=\"elementor-post-date\">\n\t\t\tf\u00e9vrier 12, 2022\t\t<\/span>\n\t\t\t\t<span class=\"elementor-post-avatar\">\n\t\t\t10 commentaires\t\t<\/span>\n\t\t\t\t<\/div>\n\t\t\t\t\t<\/div>\n\t\t<\/article>\n\t\t\t\t<article class=\"elementor-post elementor-grid-item post-10880 post type-post status-publish format-standard hentry category-blog-turf-communaute\">\n\t\t\t<div class=\"elementor-post__card\">\n\t\t\t\t<div class=\"elementor-post__text\">\n\t\t\t\t<h2 class=\"elementor-post__title\">\n\t\t\t<a href=\"https:\/\/www.turf.fr\/social\/tierce-quarte-quinte\/\">\n\t\t\t\tTIERCE QUARTE QUINTE&nbsp;\t\t\t<\/a>\n\t\t<\/h2>\n\t\t\t\t<div class=\"elementor-post__excerpt\">\n\t\t\t<p>Cher(e)s turfistes , Notre mission est de vous apporter chaque jour un pronostic de qualit\u00e9, fiable et rentable 30\/09\/2021 QUINTE+PIK5 POUR LE TIERCE QUARTE QUINTE<\/p>\n\t\t<\/div>\n\t\t\n\t\t<a class=\"elementor-post__read-more\" href=\"https:\/\/www.turf.fr\/social\/tierce-quarte-quinte\/\" aria-label=\"En savoir plus sur TIERCE QUARTE QUINTE&nbsp;\" tabindex=\"-1\">\n\t\t\tLire la suite de l'article \t\t<\/a>\n\n\t\t\t\t<\/div>\n\t\t\t\t<div class=\"elementor-post__meta-data\">\n\t\t\t\t\t<span class=\"elementor-post-date\">\n\t\t\tseptembre 28, 2021\t\t<\/span>\n\t\t\t\t<span class=\"elementor-post-avatar\">\n\t\t\t3 commentaires\t\t<\/span>\n\t\t\t\t<\/div>\n\t\t\t\t\t<\/div>\n\t\t<\/article>\n\t\t\t\t<article class=\"elementor-post elementor-grid-item post-5214 post type-post status-publish format-standard has-post-thumbnail hentry category-blog-turf-communaute\">\n\t\t\t<div class=\"elementor-post__card\">\n\t\t\t\t<a class=\"elementor-post__thumbnail__link\" href=\"https:\/\/www.turf.fr\/social\/quinte-de-vendredi-5fev-2021\/\" tabindex=\"-1\"><div class=\"elementor-post__thumbnail\"><img fetchpriority=\"high\" decoding=\"async\" width=\"600\" height=\"262\" src=\"https:\/\/www.turf.fr\/social\/wp-content\/uploads\/2021\/02\/20210204_182439-600x262.jpg\" class=\"attachment-medium size-medium wp-image-5217\" alt=\"\" srcset=\"https:\/\/www.turf.fr\/social\/wp-content\/uploads\/2021\/02\/20210204_182439-600x262.jpg 600w, https:\/\/www.turf.fr\/social\/wp-content\/uploads\/2021\/02\/20210204_182439-1024x448.jpg 1024w, https:\/\/www.turf.fr\/social\/wp-content\/uploads\/2021\/02\/20210204_182439-768x336.jpg 768w, https:\/\/www.turf.fr\/social\/wp-content\/uploads\/2021\/02\/20210204_182439-624x273.jpg 624w, https:\/\/www.turf.fr\/social\/wp-content\/uploads\/2021\/02\/20210204_182439.jpg 1080w\" sizes=\"(max-width: 600px) 100vw, 600px\" \/><\/div><\/a>\n\t\t\t\t<div class=\"elementor-post__badge\">Blog Turf Communaut\u00e9<\/div>\n\t\t\t\t<div class=\"elementor-post__avatar\">\n\t\t\t<img alt='Zitoon93' src='https:\/\/www.turf.fr\/social\/wp-content\/uploads\/avatars\/623\/60182bd3f3865-bpthumb.jpg' srcset='https:\/\/www.turf.fr\/social\/wp-content\/uploads\/avatars\/623\/60182bd3f3865-bpthumb.jpg 2x' class='avatar avatar-128 photo' height='128' width='128' \/>\t\t<\/div>\n\t\t\t\t<div class=\"elementor-post__text\">\n\t\t\t\t<h2 class=\"elementor-post__title\">\n\t\t\t<a href=\"https:\/\/www.turf.fr\/social\/quinte-de-vendredi-5fev-2021\/\">\n\t\t\t\tQuinte de Vendredi 5Fev 2021\t\t\t<\/a>\n\t\t<\/h2>\n\t\t\t\t<div class=\"elementor-post__excerpt\">\n\t\t\t<p>\u270c \u270c \u270c Voila \u24c2on pti choix pour vendredi 5 fev 2021::::voit \ud83c\udd71ien un de ces chevaux gagnant 6-??-3-??5-??-1-?? \ud83c\udd70insi en the show\ud83e\udd17\ud83e\udd17\ud83e\udd17\ud83d\ude09\ud83d\ude09<\/p>\n\t\t<\/div>\n\t\t\n\t\t<a class=\"elementor-post__read-more\" href=\"https:\/\/www.turf.fr\/social\/quinte-de-vendredi-5fev-2021\/\" aria-label=\"En savoir plus sur Quinte de Vendredi 5Fev 2021\" tabindex=\"-1\">\n\t\t\tLire la suite de l'article \t\t<\/a>\n\n\t\t\t\t<\/div>\n\t\t\t\t<div class=\"elementor-post__meta-data\">\n\t\t\t\t\t<span class=\"elementor-post-date\">\n\t\t\tf\u00e9vrier 4, 2021\t\t<\/span>\n\t\t\t\t<span class=\"elementor-post-avatar\">\n\t\t\t2 commentaires\t\t<\/span>\n\t\t\t\t<\/div>\n\t\t\t\t\t<\/div>\n\t\t<\/article>\n\t\t\t\t<article class=\"elementor-post elementor-grid-item post-5026 post type-post status-publish format-standard has-post-thumbnail hentry category-blog-turf-communaute\">\n\t\t\t<div class=\"elementor-post__card\">\n\t\t\t\t<a class=\"elementor-post__thumbnail__link\" href=\"https:\/\/www.turf.fr\/social\/choix-pour-r8-delta-downs-du-02-fev-21\/\" tabindex=\"-1\"><div class=\"elementor-post__thumbnail\"><img decoding=\"async\" width=\"600\" height=\"600\" src=\"https:\/\/www.turf.fr\/social\/wp-content\/uploads\/2021\/02\/cool-600x600.jpg\" class=\"attachment-medium size-medium wp-image-5182\" alt=\"\" srcset=\"https:\/\/www.turf.fr\/social\/wp-content\/uploads\/2021\/02\/cool.jpg 600w, https:\/\/www.turf.fr\/social\/wp-content\/uploads\/2021\/02\/cool-300x300.jpg 300w\" sizes=\"(max-width: 600px) 100vw, 600px\" \/><\/div><\/a>\n\t\t\t\t<div class=\"elementor-post__badge\">Blog Turf Communaut\u00e9<\/div>\n\t\t\t\t<div class=\"elementor-post__avatar\">\n\t\t\t<img alt='Zitoon93' src='https:\/\/www.turf.fr\/social\/wp-content\/uploads\/avatars\/623\/60182bd3f3865-bpthumb.jpg' srcset='https:\/\/www.turf.fr\/social\/wp-content\/uploads\/avatars\/623\/60182bd3f3865-bpthumb.jpg 2x' class='avatar avatar-128 photo' height='128' width='128' \/>\t\t<\/div>\n\t\t\t\t<div class=\"elementor-post__text\">\n\t\t\t\t<h2 class=\"elementor-post__title\">\n\t\t\t<a href=\"https:\/\/www.turf.fr\/social\/choix-pour-r8-delta-downs-du-02-fev-21\/\">\n\t\t\t\tCHOIX POUR R8 DELTA DOWNS DU 02\/FEV\/21\t\t\t<\/a>\n\t\t<\/h2>\n\t\t\t\t<div class=\"elementor-post__excerpt\">\n\t\t\t<p>PARTAGE DE MES PTIS CHOIX POUR R8 DELTA DOWNS DU 02\/FEV\/21 VOICI MES PREFEREES DANS CETTE REUNION AVEC LE NOM ET SECOND CHOIX AVEC NUM<\/p>\n\t\t<\/div>\n\t\t\n\t\t<a class=\"elementor-post__read-more\" href=\"https:\/\/www.turf.fr\/social\/choix-pour-r8-delta-downs-du-02-fev-21\/\" aria-label=\"En savoir plus sur CHOIX POUR R8 DELTA DOWNS DU 02\/FEV\/21\" tabindex=\"-1\">\n\t\t\tLire la suite de l'article \t\t<\/a>\n\n\t\t\t\t<\/div>\n\t\t\t\t<div class=\"elementor-post__meta-data\">\n\t\t\t\t\t<span class=\"elementor-post-date\">\n\t\t\tf\u00e9vrier 2, 2021\t\t<\/span>\n\t\t\t\t<span class=\"elementor-post-avatar\">\n\t\t\tAucun commentaire\t\t<\/span>\n\t\t\t\t<\/div>\n\t\t\t\t\t<\/div>\n\t\t<\/article>\n\t\t\t\t<article class=\"elementor-post elementor-grid-item post-4950 post type-post status-publish format-standard has-post-thumbnail hentry category-blog-turf-communaute\">\n\t\t\t<div class=\"elementor-post__card\">\n\t\t\t\t<a class=\"elementor-post__thumbnail__link\" href=\"https:\/\/www.turf.fr\/social\/mes-chevaux-reperee-par-zitoon93370\/\" tabindex=\"-1\"><div class=\"elementor-post__thumbnail\"><img decoding=\"async\" width=\"512\" height=\"373\" src=\"https:\/\/www.turf.fr\/social\/wp-content\/uploads\/2021\/02\/2.png\" class=\"attachment-medium size-medium wp-image-5012\" alt=\"\" \/><\/div><\/a>\n\t\t\t\t<div class=\"elementor-post__badge\">Blog Turf Communaut\u00e9<\/div>\n\t\t\t\t<div class=\"elementor-post__avatar\">\n\t\t\t<img alt='Zitoon93' src='https:\/\/www.turf.fr\/social\/wp-content\/uploads\/avatars\/623\/60182bd3f3865-bpthumb.jpg' srcset='https:\/\/www.turf.fr\/social\/wp-content\/uploads\/avatars\/623\/60182bd3f3865-bpthumb.jpg 2x' class='avatar avatar-128 photo' height='128' width='128' \/>\t\t<\/div>\n\t\t\t\t<div class=\"elementor-post__text\">\n\t\t\t\t<h2 class=\"elementor-post__title\">\n\t\t\t<a href=\"https:\/\/www.turf.fr\/social\/mes-chevaux-reperee-par-zitoon93370\/\">\n\t\t\t\tMes Chevaux Rep\u00e9r\u00e9e par Zitoon93370\t\t\t<\/a>\n\t\t<\/h2>\n\t\t\t\t<div class=\"elementor-post__excerpt\">\n\t\t\t<p>DES 17hr00 R4 TOULOUSE 404 DOMINO BLOND 812 EXPLORATRICE R5 SANTIAGO 103 WAIWEN 214&nbsp; BIELLA TRIESTE..&nbsp; 305&nbsp; OR I CEL.. 407&nbsp; ON MONTE 506 BETTY<\/p>\n\t\t<\/div>\n\t\t\n\t\t<a class=\"elementor-post__read-more\" href=\"https:\/\/www.turf.fr\/social\/mes-chevaux-reperee-par-zitoon93370\/\" aria-label=\"En savoir plus sur Mes Chevaux Rep\u00e9r\u00e9e par Zitoon93370\" tabindex=\"-1\">\n\t\t\tLire la suite de l'article \t\t<\/a>\n\n\t\t\t\t<\/div>\n\t\t\t\t<div class=\"elementor-post__meta-data\">\n\t\t\t\t\t<span class=\"elementor-post-date\">\n\t\t\tf\u00e9vrier 1, 2021\t\t<\/span>\n\t\t\t\t<span class=\"elementor-post-avatar\">\n\t\t\t2 commentaires\t\t<\/span>\n\t\t\t\t<\/div>\n\t\t\t\t\t<\/div>\n\t\t<\/article>\n\t\t\t\t<article class=\"elementor-post elementor-grid-item post-3400 post type-post status-publish format-standard has-post-thumbnail hentry category-blog-turf-communaute\">\n\t\t\t<div class=\"elementor-post__card\">\n\t\t\t\t<a class=\"elementor-post__thumbnail__link\" href=\"https:\/\/www.turf.fr\/social\/prix-francois-de-ganay-auteuil-21-11-2020\/\" tabindex=\"-1\"><div class=\"elementor-post__thumbnail\"><img loading=\"lazy\" decoding=\"async\" width=\"275\" height=\"183\" src=\"https:\/\/www.turf.fr\/social\/wp-content\/uploads\/2020\/11\/auteuil-2-1.jpg\" class=\"attachment-medium size-medium wp-image-3407\" alt=\"\" \/><\/div><\/a>\n\t\t\t\t<div class=\"elementor-post__badge\">Blog Turf Communaut\u00e9<\/div>\n\t\t\t\t<div class=\"elementor-post__avatar\">\n\t\t\t<img alt='Michel59' src='https:\/\/www.turf.fr\/social\/wp-content\/uploads\/avatars\/39\/627e1d8ac9b3e-bpthumb.jpg' srcset='https:\/\/www.turf.fr\/social\/wp-content\/uploads\/avatars\/39\/627e1d8ac9b3e-bpthumb.jpg 2x' class='avatar avatar-128 photo' height='128' width='128' \/>\t\t<\/div>\n\t\t\t\t<div class=\"elementor-post__text\">\n\t\t\t\t<h2 class=\"elementor-post__title\">\n\t\t\t<a href=\"https:\/\/www.turf.fr\/social\/prix-francois-de-ganay-auteuil-21-11-2020\/\">\n\t\t\t\tPrix Fran\u00e7ois de Ganay &#8211; AUTEUIL &#8211; 21\/11\/2020\t\t\t<\/a>\n\t\t<\/h2>\n\t\t\t\t<div class=\"elementor-post__excerpt\">\n\t\t\t<p>Direction l\u2019hippodrome d\u2019Auteuil, ce samedi 21 novembre, pour une \u00e9preuve courue en haies. Ils seront seize \u00e0 se pr\u00e9senter au d\u00e9part de ce Prix Fran\u00e7ois<\/p>\n\t\t<\/div>\n\t\t\n\t\t<a class=\"elementor-post__read-more\" href=\"https:\/\/www.turf.fr\/social\/prix-francois-de-ganay-auteuil-21-11-2020\/\" aria-label=\"En savoir plus sur Prix Fran\u00e7ois de Ganay &#8211; AUTEUIL &#8211; 21\/11\/2020\" tabindex=\"-1\">\n\t\t\tLire la suite de l'article \t\t<\/a>\n\n\t\t\t\t<\/div>\n\t\t\t\t<div class=\"elementor-post__meta-data\">\n\t\t\t\t\t<span class=\"elementor-post-date\">\n\t\t\tnovembre 21, 2020\t\t<\/span>\n\t\t\t\t<span class=\"elementor-post-avatar\">\n\t\t\tUn commentaire\t\t<\/span>\n\t\t\t\t<\/div>\n\t\t\t\t\t<\/div>\n\t\t<\/article>\n\t\t\t\t<article class=\"elementor-post elementor-grid-item post-2581 post type-post status-publish format-standard hentry category-blog-turf-communaute\">\n\t\t\t<div class=\"elementor-post__card\">\n\t\t\t\t<div class=\"elementor-post__text\">\n\t\t\t\t<h2 class=\"elementor-post__title\">\n\t\t\t<a href=\"https:\/\/www.turf.fr\/social\/pronos\/\">\n\t\t\t\tPRONOS\t\t\t<\/a>\n\t\t<\/h2>\n\t\t\t\t<div class=\"elementor-post__excerpt\">\n\t\t\t<p>Pour le 12 Octobre, vous avez ces trois num\u00e9ros 7.6.5, pour la suite faite travailler vos m\u00e9ninges, et soyez r\u00e9compenser de vos labeurs, rappeler vous<\/p>\n\t\t<\/div>\n\t\t\n\t\t<a class=\"elementor-post__read-more\" href=\"https:\/\/www.turf.fr\/social\/pronos\/\" aria-label=\"En savoir plus sur PRONOS\" tabindex=\"-1\">\n\t\t\tLire la suite de l'article \t\t<\/a>\n\n\t\t\t\t<\/div>\n\t\t\t\t<div class=\"elementor-post__meta-data\">\n\t\t\t\t\t<span class=\"elementor-post-date\">\n\t\t\toctobre 12, 2020\t\t<\/span>\n\t\t\t\t<span class=\"elementor-post-avatar\">\n\t\t\t2 commentaires\t\t<\/span>\n\t\t\t\t<\/div>\n\t\t\t\t\t<\/div>\n\t\t<\/article>\n\t\t\t\t<article class=\"elementor-post elementor-grid-item post-2506 post type-post status-publish format-standard hentry category-blog-turf-communaute\">\n\t\t\t<div class=\"elementor-post__card\">\n\t\t\t\t<div class=\"elementor-post__text\">\n\t\t\t\t<h2 class=\"elementor-post__title\">\n\t\t\t<a href=\"https:\/\/www.turf.fr\/social\/un-tuyaux-s-v-p\/\">\n\t\t\t\tUN TUYAUX&nbsp; S.V.P ??\t\t\t<\/a>\n\t\t<\/h2>\n\t\t\t\t<div class=\"elementor-post__excerpt\">\n\t\t\t<p>Bonjour \u00e0 tous, je cherche un petit tuyau pour ce jour du Lundi 12 Octobre, si il y a quelqu&#8217;un qui voudrait \u00e9clairer ma lanterne,<\/p>\n\t\t<\/div>\n\t\t\n\t\t<a class=\"elementor-post__read-more\" href=\"https:\/\/www.turf.fr\/social\/un-tuyaux-s-v-p\/\" aria-label=\"En savoir plus sur UN TUYAUX&nbsp; S.V.P ??\" tabindex=\"-1\">\n\t\t\tLire la suite de l'article \t\t<\/a>\n\n\t\t\t\t<\/div>\n\t\t\t\t<div class=\"elementor-post__meta-data\">\n\t\t\t\t\t<span class=\"elementor-post-date\">\n\t\t\toctobre 12, 2020\t\t<\/span>\n\t\t\t\t<span class=\"elementor-post-avatar\">\n\t\t\tUn commentaire\t\t<\/span>\n\t\t\t\t<\/div>\n\t\t\t\t\t<\/div>\n\t\t<\/article>\n\t\t\t\t<article class=\"elementor-post elementor-grid-item post-1911 post type-post status-publish format-standard hentry category-blog-turf-communaute\">\n\t\t\t<div class=\"elementor-post__card\">\n\t\t\t\t<div class=\"elementor-post__text\">\n\t\t\t\t<h2 class=\"elementor-post__title\">\n\t\t\t<a href=\"https:\/\/www.turf.fr\/social\/quinte-du-vendredi-18-09-a-vincennes\/\">\n\t\t\t\tQuint\u00e9 + du vendredi 18\/09 \u00e0 VINCENNES\t\t\t<\/a>\n\t\t<\/h2>\n\t\t\t\t<div class=\"elementor-post__excerpt\">\n\t\t\t<p>MA S\u00c9LECTION : 3 : Elverina Devavian : Excellente ces derniers temps , elle visera la victoire : MA BASE 2 : Emotta : Pieds<\/p>\n\t\t<\/div>\n\t\t\n\t\t<a class=\"elementor-post__read-more\" href=\"https:\/\/www.turf.fr\/social\/quinte-du-vendredi-18-09-a-vincennes\/\" aria-label=\"En savoir plus sur Quint\u00e9 + du vendredi 18\/09 \u00e0 VINCENNES\" tabindex=\"-1\">\n\t\t\tLire la suite de l'article \t\t<\/a>\n\n\t\t\t\t<\/div>\n\t\t\t\t<div class=\"elementor-post__meta-data\">\n\t\t\t\t\t<span class=\"elementor-post-date\">\n\t\t\tseptembre 18, 2020\t\t<\/span>\n\t\t\t\t<span class=\"elementor-post-avatar\">\n\t\t\tAucun commentaire\t\t<\/span>\n\t\t\t\t<\/div>\n\t\t\t\t\t<\/div>\n\t\t<\/article>\n\t\t\t\t<article class=\"elementor-post elementor-grid-item post-1860 post type-post status-publish format-standard hentry category-blog-turf-communaute\">\n\t\t\t<div class=\"elementor-post__card\">\n\t\t\t\t<div class=\"elementor-post__text\">\n\t\t\t\t<h2 class=\"elementor-post__title\">\n\t\t\t<a href=\"https:\/\/www.turf.fr\/social\/quinte-du-mercredi-16-09-a-la-capelleprix-francois-cailleattele-2700m-32000-e-1-partantspour-5-et-6-ans-nayant-pas-gagne-91-000-e-course-d-depart-a-lautostart-piste-en-sable-cord\/\">\n\t\t\t\tQuint\u00e9 + du Mercredi 16\/09 \u00e0 LA CAPELLE\t\t\t<\/a>\n\t\t<\/h2>\n\t\t\t\t<div class=\"elementor-post__excerpt\">\n\t\t\t<p>MA S\u00c9LECTION : 7 : Felli Eleven : A de grandes chances de ne pas mettre les parieurs \u00e0 sec ce mercredi \u2026: MA BASE<\/p>\n\t\t<\/div>\n\t\t\n\t\t<a class=\"elementor-post__read-more\" href=\"https:\/\/www.turf.fr\/social\/quinte-du-mercredi-16-09-a-la-capelleprix-francois-cailleattele-2700m-32000-e-1-partantspour-5-et-6-ans-nayant-pas-gagne-91-000-e-course-d-depart-a-lautostart-piste-en-sable-cord\/\" aria-label=\"En savoir plus sur Quint\u00e9 + du Mercredi 16\/09 \u00e0 LA CAPELLE\" tabindex=\"-1\">\n\t\t\tLire la suite de l'article \t\t<\/a>\n\n\t\t\t\t<\/div>\n\t\t\t\t<div class=\"elementor-post__meta-data\">\n\t\t\t\t\t<span class=\"elementor-post-date\">\n\t\t\tseptembre 15, 2020\t\t<\/span>\n\t\t\t\t<span class=\"elementor-post-avatar\">\n\t\t\t2 commentaires\t\t<\/span>\n\t\t\t\t<\/div>\n\t\t\t\t\t<\/div>\n\t\t<\/article>\n\t\t\t\t<article class=\"elementor-post elementor-grid-item post-1752 post type-post status-publish format-standard hentry category-blog-turf-communaute\">\n\t\t\t<div class=\"elementor-post__card\">\n\t\t\t\t<div class=\"elementor-post__text\">\n\t\t\t\t<h2 class=\"elementor-post__title\">\n\t\t\t<a href=\"https:\/\/www.turf.fr\/social\/quinte-du-vendredi-11-09-a-vincennes\/\">\n\t\t\t\tQuint\u00e9 + du Vendredi 11\/09 \u00e0 VINCENNES\t\t\t<\/a>\n\t\t<\/h2>\n\t\t\t\t<div class=\"elementor-post__excerpt\">\n\t\t\t<p>&nbsp; &nbsp; &nbsp; &nbsp; &nbsp; &nbsp; &nbsp; &nbsp; &nbsp; &nbsp; &nbsp; &nbsp; &nbsp; &nbsp; &nbsp; &nbsp; &nbsp; &nbsp; &nbsp; &nbsp; &nbsp; &nbsp; &nbsp; &nbsp; &nbsp;<\/p>\n\t\t<\/div>\n\t\t\n\t\t<a class=\"elementor-post__read-more\" href=\"https:\/\/www.turf.fr\/social\/quinte-du-vendredi-11-09-a-vincennes\/\" aria-label=\"En savoir plus sur Quint\u00e9 + du Vendredi 11\/09 \u00e0 VINCENNES\" tabindex=\"-1\">\n\t\t\tLire la suite de l'article \t\t<\/a>\n\n\t\t\t\t<\/div>\n\t\t\t\t<div class=\"elementor-post__meta-data\">\n\t\t\t\t\t<span class=\"elementor-post-date\">\n\t\t\tseptembre 11, 2020\t\t<\/span>\n\t\t\t\t<span class=\"elementor-post-avatar\">\n\t\t\tAucun commentaire\t\t<\/span>\n\t\t\t\t<\/div>\n\t\t\t\t\t<\/div>\n\t\t<\/article>\n\t\t\t\t<article class=\"elementor-post elementor-grid-item post-1536 post type-post status-publish format-standard hentry category-blog-turf-communaute\">\n\t\t\t<div class=\"elementor-post__card\">\n\t\t\t\t<div class=\"elementor-post__text\">\n\t\t\t\t<h2 class=\"elementor-post__title\">\n\t\t\t<a href=\"https:\/\/www.turf.fr\/social\/quinte-du-mardi-08-09-a-beaumont-de-lomagne\/\">\n\t\t\t\tQuint\u00e9 du Mardi 08\/09 \u00e0 BEAUMONT DE LOMAGNE\t\t\t<\/a>\n\t\t<\/h2>\n\t\t\t\t<div class=\"elementor-post__excerpt\">\n\t\t\t<p>2\u00e8me course &#8211; Grand Prix Dynavena Maisagri D\u00e9part 13h50 Circuit des Grandes Epreuves du Sud-Ouest &#8211; Course qualificative Attel\u00e9 &#8211; Europ\u00e9enne &#8211; Course C (trot)<\/p>\n\t\t<\/div>\n\t\t\n\t\t<a class=\"elementor-post__read-more\" href=\"https:\/\/www.turf.fr\/social\/quinte-du-mardi-08-09-a-beaumont-de-lomagne\/\" aria-label=\"En savoir plus sur Quint\u00e9 du Mardi 08\/09 \u00e0 BEAUMONT DE LOMAGNE\" tabindex=\"-1\">\n\t\t\tLire la suite de l'article \t\t<\/a>\n\n\t\t\t\t<\/div>\n\t\t\t\t<div class=\"elementor-post__meta-data\">\n\t\t\t\t\t<span class=\"elementor-post-date\">\n\t\t\tseptembre 8, 2020\t\t<\/span>\n\t\t\t\t<span class=\"elementor-post-avatar\">\n\t\t\tAucun commentaire\t\t<\/span>\n\t\t\t\t<\/div>\n\t\t\t\t\t<\/div>\n\t\t<\/article>\n\t\t\t\t<article class=\"elementor-post elementor-grid-item post-1493 post type-post status-publish format-standard hentry category-blog-turf-communaute\">\n\t\t\t<div class=\"elementor-post__card\">\n\t\t\t\t<div class=\"elementor-post__text\">\n\t\t\t\t<h2 class=\"elementor-post__title\">\n\t\t\t<a href=\"https:\/\/www.turf.fr\/social\/quinte-du-lundi-07-09-a-feursprix-de-la-ville-de-feursattele-2850m-34000-ecourse-b-pour-5-a-10-ans-inclus-nayant-pas-gagne-510-000e-recul-de-25-m-a-231-000e-sable-corde-a-gauche\/\">\n\t\t\t\tQuint\u00e9 + du lundi 07\/09 \u00e0 FEURSPrix de la Ville de FeursAttel\u00e9 &#8211; 2850m &#8211; 34000 \u20acCourse B &#8211; Pour 5 \u00e0 10 ans inclus, n&#8217;ayant pas gagn\u00e9 510.000\u20ac &#8211; Recul de 25 m. \u00e0 231.000\u20ac &#8211; Sable &#8211; Corde \u00e0 gauche\t\t\t<\/a>\n\t\t<\/h2>\n\t\t\t\t<div class=\"elementor-post__excerpt\">\n\t\t\t<p>MA S\u00c9LECTION : 12 : C\u00e2lin de Morge : Ne pouvait r\u00eaver meilleur engagement au plafond des gains qu&#8217;aujourd&#8217;hui : MA BASE 10 : Black<\/p>\n\t\t<\/div>\n\t\t\n\t\t<a class=\"elementor-post__read-more\" href=\"https:\/\/www.turf.fr\/social\/quinte-du-lundi-07-09-a-feursprix-de-la-ville-de-feursattele-2850m-34000-ecourse-b-pour-5-a-10-ans-inclus-nayant-pas-gagne-510-000e-recul-de-25-m-a-231-000e-sable-corde-a-gauche\/\" aria-label=\"En savoir plus sur Quint\u00e9 + du lundi 07\/09 \u00e0 FEURSPrix de la Ville de FeursAttel\u00e9 &#8211; 2850m &#8211; 34000 \u20acCourse B &#8211; Pour 5 \u00e0 10 ans inclus, n&#8217;ayant pas gagn\u00e9 510.000\u20ac &#8211; Recul de 25 m. \u00e0 231.000\u20ac &#8211; Sable &#8211; Corde \u00e0 gauche\" tabindex=\"-1\">\n\t\t\tLire la suite de l'article \t\t<\/a>\n\n\t\t\t\t<\/div>\n\t\t\t\t<div class=\"elementor-post__meta-data\">\n\t\t\t\t\t<span class=\"elementor-post-date\">\n\t\t\tseptembre 6, 2020\t\t<\/span>\n\t\t\t\t<span class=\"elementor-post-avatar\">\n\t\t\tAucun commentaire\t\t<\/span>\n\t\t\t\t<\/div>\n\t\t\t\t\t<\/div>\n\t\t<\/article>\n\t\t\t\t<article class=\"elementor-post elementor-grid-item post-1467 post type-post status-publish format-standard hentry category-blog-turf-communaute\">\n\t\t\t<div class=\"elementor-post__card\">\n\t\t\t\t<div class=\"elementor-post__text\">\n\t\t\t\t<h2 class=\"elementor-post__title\">\n\t\t\t<a href=\"https:\/\/www.turf.fr\/social\/quinte-du-dimanche-06-09-a-parislongchampprix-carrusplat-1600m-44000-e-16-partants3-ans-handicap-divise-premiere-epreuve-ref-19-herbe-corde-a-droite-grande-piste-lice-a-8-metr\/\">\n\t\t\t\tQuint\u00e9 + du Dimanche 06\/09 \u00e0 PARISLONGCHAMP15h15 Prix Carrus Plat &#8211; 1600m &#8211; 44000 \u20ac &#8211; 15 Partants3 ans &#8211; Handicap divis\u00e9 &#8211; Premi\u00e8re \u00e9preuve &#8211; R\u00e9f : +19 &#8211; Herbe &#8211; Corde \u00e0 droite &#8211; Grande piste &#8211; Lice \u00e0 8 m\u00e8tresTerrain : Bon\t\t\t<\/a>\n\t\t<\/h2>\n\t\t\t\t<div class=\"elementor-post__excerpt\">\n\t\t\t<p>MA S\u00c9LECTION : 6 : Rock Blanc : Toutes ses sorties de cette ann\u00e9e sont bonnes voire m\u00eame tr\u00e8s bonnes : MA BASE 2 :<\/p>\n\t\t<\/div>\n\t\t\n\t\t<a class=\"elementor-post__read-more\" href=\"https:\/\/www.turf.fr\/social\/quinte-du-dimanche-06-09-a-parislongchampprix-carrusplat-1600m-44000-e-16-partants3-ans-handicap-divise-premiere-epreuve-ref-19-herbe-corde-a-droite-grande-piste-lice-a-8-metr\/\" aria-label=\"En savoir plus sur Quint\u00e9 + du Dimanche 06\/09 \u00e0 PARISLONGCHAMP15h15 Prix Carrus Plat &#8211; 1600m &#8211; 44000 \u20ac &#8211; 15 Partants3 ans &#8211; Handicap divis\u00e9 &#8211; Premi\u00e8re \u00e9preuve &#8211; R\u00e9f : +19 &#8211; Herbe &#8211; Corde \u00e0 droite &#8211; Grande piste &#8211; Lice \u00e0 8 m\u00e8tresTerrain : Bon\" tabindex=\"-1\">\n\t\t\tLire la suite de l'article \t\t<\/a>\n\n\t\t\t\t<\/div>\n\t\t\t\t<div class=\"elementor-post__meta-data\">\n\t\t\t\t\t<span class=\"elementor-post-date\">\n\t\t\tseptembre 5, 2020\t\t<\/span>\n\t\t\t\t<span class=\"elementor-post-avatar\">\n\t\t\tAucun commentaire\t\t<\/span>\n\t\t\t\t<\/div>\n\t\t\t\t\t<\/div>\n\t\t<\/article>\n\t\t\t\t<article class=\"elementor-post elementor-grid-item post-1412 post type-post status-publish format-standard hentry category-blog-turf-communaute\">\n\t\t\t<div class=\"elementor-post__card\">\n\t\t\t\t<div class=\"elementor-post__text\">\n\t\t\t\t<h2 class=\"elementor-post__title\">\n\t\t\t<a href=\"https:\/\/www.turf.fr\/social\/quinte-du-mardi-01-09-a-auteuil\/\">\n\t\t\t\tQuint\u00e9 + du Mardi 01\/09 \u00e0 AUTEUIL\t\t\t<\/a>\n\t\t<\/h2>\n\t\t\t\t<div class=\"elementor-post__excerpt\">\n\t\t\t<p>Prix Jean Bart Haies &#8211; 3600m &#8211; 80000 \u20ac &#8211; 16 Partants Handicap divis\u00e9 &#8211; Gremi\u00e8re \u00e9preuve &#8211; R\u00e9f: +11 &#8211; Listed &#8211; 5 ans<\/p>\n\t\t<\/div>\n\t\t\n\t\t<a class=\"elementor-post__read-more\" href=\"https:\/\/www.turf.fr\/social\/quinte-du-mardi-01-09-a-auteuil\/\" aria-label=\"En savoir plus sur Quint\u00e9 + du Mardi 01\/09 \u00e0 AUTEUIL\" tabindex=\"-1\">\n\t\t\tLire la suite de l'article \t\t<\/a>\n\n\t\t\t\t<\/div>\n\t\t\t\t<div class=\"elementor-post__meta-data\">\n\t\t\t\t\t<span class=\"elementor-post-date\">\n\t\t\tao\u00fbt 31, 2020\t\t<\/span>\n\t\t\t\t<span class=\"elementor-post-avatar\">\n\t\t\tAucun commentaire\t\t<\/span>\n\t\t\t\t<\/div>\n\t\t\t\t\t<\/div>\n\t\t<\/article>\n\t\t\t\t<article class=\"elementor-post elementor-grid-item post-1379 post type-post status-publish format-standard hentry category-blog-turf-communaute\">\n\t\t\t<div class=\"elementor-post__card\">\n\t\t\t\t<div class=\"elementor-post__text\">\n\t\t\t\t<h2 class=\"elementor-post__title\">\n\t\t\t<a href=\"https:\/\/www.turf.fr\/social\/quinte-du-samedi-29-08-a-vincennes\/\">\n\t\t\t\tQuint\u00e9 + du Samedi 29\/08 \u00e0 VINCENNES\t\t\t<\/a>\n\t\t<\/h2>\n\t\t\t\t<div class=\"elementor-post__excerpt\">\n\t\t\t<p>Crit\u00e9rium des 5 Ans Attel\u00e9 &#8211; 3000m &#8211; 170000 \u20ac &#8211; 17 Partants Groupe I &#8211; Pour 5 ans, hongres exclus, ayant gagn\u00e9 au moins<\/p>\n\t\t<\/div>\n\t\t\n\t\t<a class=\"elementor-post__read-more\" href=\"https:\/\/www.turf.fr\/social\/quinte-du-samedi-29-08-a-vincennes\/\" aria-label=\"En savoir plus sur Quint\u00e9 + du Samedi 29\/08 \u00e0 VINCENNES\" tabindex=\"-1\">\n\t\t\tLire la suite de l'article \t\t<\/a>\n\n\t\t\t\t<\/div>\n\t\t\t\t<div class=\"elementor-post__meta-data\">\n\t\t\t\t\t<span class=\"elementor-post-date\">\n\t\t\tao\u00fbt 29, 2020\t\t<\/span>\n\t\t\t\t<span class=\"elementor-post-avatar\">\n\t\t\tUn commentaire\t\t<\/span>\n\t\t\t\t<\/div>\n\t\t\t\t\t<\/div>\n\t\t<\/article>\n\t\t\t\t<article class=\"elementor-post elementor-grid-item post-1370 post type-post status-publish format-standard has-post-thumbnail hentry category-blog-turf-communaute\">\n\t\t\t<div class=\"elementor-post__card\">\n\t\t\t\t<a class=\"elementor-post__thumbnail__link\" href=\"https:\/\/www.turf.fr\/social\/29-08-20-criterium-des-5-ans-paris-vincennes\/\" tabindex=\"-1\"><div class=\"elementor-post__thumbnail\"><img loading=\"lazy\" decoding=\"async\" width=\"300\" height=\"200\" src=\"https:\/\/www.turf.fr\/social\/wp-content\/uploads\/2020\/08\/quinte-plus.jpg\" class=\"attachment-medium size-medium wp-image-1371\" alt=\"\" \/><\/div><\/a>\n\t\t\t\t<div class=\"elementor-post__badge\">Blog Turf Communaut\u00e9<\/div>\n\t\t\t\t<div class=\"elementor-post__avatar\">\n\t\t\t<img alt='Michel59' src='https:\/\/www.turf.fr\/social\/wp-content\/uploads\/avatars\/39\/627e1d8ac9b3e-bpthumb.jpg' srcset='https:\/\/www.turf.fr\/social\/wp-content\/uploads\/avatars\/39\/627e1d8ac9b3e-bpthumb.jpg 2x' class='avatar avatar-128 photo' height='128' width='128' \/>\t\t<\/div>\n\t\t\t\t<div class=\"elementor-post__text\">\n\t\t\t\t<h2 class=\"elementor-post__title\">\n\t\t\t<a href=\"https:\/\/www.turf.fr\/social\/29-08-20-criterium-des-5-ans-paris-vincennes\/\">\n\t\t\t\t29\/08\/20 Crit\u00e9rium des 5 Ans &#8211; Paris-Vincennes\t\t\t<\/a>\n\t\t<\/h2>\n\t\t\t\t<div class=\"elementor-post__excerpt\">\n\t\t\t<p>Bonjour \u00e0 toutes &amp; tous, 29\/08\/20 Crit\u00e9rium des 5 Ans \u2013 Paris-Vincennes Ma base&nbsp;: La belle association entre Bj\u00f6rn Goop et Face Time Bourbon (17)<\/p>\n\t\t<\/div>\n\t\t\n\t\t<a class=\"elementor-post__read-more\" href=\"https:\/\/www.turf.fr\/social\/29-08-20-criterium-des-5-ans-paris-vincennes\/\" aria-label=\"En savoir plus sur 29\/08\/20 Crit\u00e9rium des 5 Ans &#8211; Paris-Vincennes\" tabindex=\"-1\">\n\t\t\tLire la suite de l'article \t\t<\/a>\n\n\t\t\t\t<\/div>\n\t\t\t\t<div class=\"elementor-post__meta-data\">\n\t\t\t\t\t<span class=\"elementor-post-date\">\n\t\t\tao\u00fbt 28, 2020\t\t<\/span>\n\t\t\t\t<span class=\"elementor-post-avatar\">\n\t\t\tAucun commentaire\t\t<\/span>\n\t\t\t\t<\/div>\n\t\t\t\t\t<\/div>\n\t\t<\/article>\n\t\t\t\t<article class=\"elementor-post elementor-grid-item post-1356 post type-post status-publish format-standard has-post-thumbnail hentry category-blog-turf-communaute\">\n\t\t\t<div class=\"elementor-post__card\">\n\t\t\t\t<a class=\"elementor-post__thumbnail__link\" href=\"https:\/\/www.turf.fr\/social\/28-08-20-le-prix-des-edelweiss-cabourg\/\" tabindex=\"-1\"><div class=\"elementor-post__thumbnail\"><img loading=\"lazy\" decoding=\"async\" width=\"200\" height=\"150\" src=\"https:\/\/www.turf.fr\/social\/wp-content\/uploads\/2020\/08\/5-2.jpg\" class=\"attachment-medium size-medium wp-image-1358\" alt=\"\" \/><\/div><\/a>\n\t\t\t\t<div class=\"elementor-post__badge\">Blog Turf Communaut\u00e9<\/div>\n\t\t\t\t<div class=\"elementor-post__avatar\">\n\t\t\t<img alt='Michel59' src='https:\/\/www.turf.fr\/social\/wp-content\/uploads\/avatars\/39\/627e1d8ac9b3e-bpthumb.jpg' srcset='https:\/\/www.turf.fr\/social\/wp-content\/uploads\/avatars\/39\/627e1d8ac9b3e-bpthumb.jpg 2x' class='avatar avatar-128 photo' height='128' width='128' \/>\t\t<\/div>\n\t\t\t\t<div class=\"elementor-post__text\">\n\t\t\t\t<h2 class=\"elementor-post__title\">\n\t\t\t<a href=\"https:\/\/www.turf.fr\/social\/28-08-20-le-prix-des-edelweiss-cabourg\/\">\n\t\t\t\t28\/08\/20 Le Prix des Edelweiss CABOURG\t\t\t<\/a>\n\t\t<\/h2>\n\t\t\t\t<div class=\"elementor-post__excerpt\">\n\t\t\t<p>Bonjour \u00e0 toutes &amp; tous, 28\/08\/20 Le Prix des Edelweiss CABOURG Ma base&nbsp;: Express de l\u2019Iton (2) il vient d\u2019obtenir une belle victoire sur l\u2019herbe<\/p>\n\t\t<\/div>\n\t\t\n\t\t<a class=\"elementor-post__read-more\" href=\"https:\/\/www.turf.fr\/social\/28-08-20-le-prix-des-edelweiss-cabourg\/\" aria-label=\"En savoir plus sur 28\/08\/20 Le Prix des Edelweiss CABOURG\" tabindex=\"-1\">\n\t\t\tLire la suite de l'article \t\t<\/a>\n\n\t\t\t\t<\/div>\n\t\t\t\t<div class=\"elementor-post__meta-data\">\n\t\t\t\t\t<span class=\"elementor-post-date\">\n\t\t\tao\u00fbt 28, 2020\t\t<\/span>\n\t\t\t\t<span class=\"elementor-post-avatar\">\n\t\t\t2 commentaires\t\t<\/span>\n\t\t\t\t<\/div>\n\t\t\t\t\t<\/div>\n\t\t<\/article>\n\t\t\t\t<article class=\"elementor-post elementor-grid-item post-1347 post type-post status-publish format-standard hentry category-blog-turf-communaute\">\n\t\t\t<div class=\"elementor-post__card\">\n\t\t\t\t<div class=\"elementor-post__text\">\n\t\t\t\t<h2 class=\"elementor-post__title\">\n\t\t\t<a href=\"https:\/\/www.turf.fr\/social\/quinte-du-vendredi-28-08-en-semi-nocturne-a-cabourg\/\">\n\t\t\t\tQuint\u00e9 + du vendredi 28\/08 en semi-nocturne \u00e0 CABOURG\t\t\t<\/a>\n\t\t<\/h2>\n\t\t\t\t<div class=\"elementor-post__excerpt\">\n\t\t\t<p>Prix des Edelweiss Attel\u00e9 &#8211; 2750m &#8211; 32000 \u20ac &#8211; 13 Partants Course D &#8211; Pour 6 \u00e0 10 ans inclus, n&#8217;ayant pas gagn\u00e9 199.000\u20ac<\/p>\n\t\t<\/div>\n\t\t\n\t\t<a class=\"elementor-post__read-more\" href=\"https:\/\/www.turf.fr\/social\/quinte-du-vendredi-28-08-en-semi-nocturne-a-cabourg\/\" aria-label=\"En savoir plus sur Quint\u00e9 + du vendredi 28\/08 en semi-nocturne \u00e0 CABOURG\" tabindex=\"-1\">\n\t\t\tLire la suite de l'article \t\t<\/a>\n\n\t\t\t\t<\/div>\n\t\t\t\t<div class=\"elementor-post__meta-data\">\n\t\t\t\t\t<span class=\"elementor-post-date\">\n\t\t\tao\u00fbt 28, 2020\t\t<\/span>\n\t\t\t\t<span class=\"elementor-post-avatar\">\n\t\t\tAucun commentaire\t\t<\/span>\n\t\t\t\t<\/div>\n\t\t\t\t\t<\/div>\n\t\t<\/article>\n\t\t\t\t<article class=\"elementor-post elementor-grid-item post-1342 post type-post status-publish format-standard hentry category-blog-turf-communaute\">\n\t\t\t<div class=\"elementor-post__card\">\n\t\t\t\t<div class=\"elementor-post__text\">\n\t\t\t\t<h2 class=\"elementor-post__title\">\n\t\t\t<a href=\"https:\/\/www.turf.fr\/social\/quinte-du-jeudi-27-08-en-semi-nocturne-a-deauville\/\">\n\t\t\t\tQuint\u00e9 + du Jeudi 27\/08 en semi-nocturne \u00e0 DEAUVILLE\t\t\t<\/a>\n\t\t<\/h2>\n\t\t\t\t<div class=\"elementor-post__excerpt\">\n\t\t\t<p>MA S\u00c9LECTION : 3 : Palus Argenteus : Extra sur le sable, et bien plac\u00e9 au poids : MA BASE 2 : Shariq : En<\/p>\n\t\t<\/div>\n\t\t\n\t\t<a class=\"elementor-post__read-more\" href=\"https:\/\/www.turf.fr\/social\/quinte-du-jeudi-27-08-en-semi-nocturne-a-deauville\/\" aria-label=\"En savoir plus sur Quint\u00e9 + du Jeudi 27\/08 en semi-nocturne \u00e0 DEAUVILLE\" tabindex=\"-1\">\n\t\t\tLire la suite de l'article \t\t<\/a>\n\n\t\t\t\t<\/div>\n\t\t\t\t<div class=\"elementor-post__meta-data\">\n\t\t\t\t\t<span class=\"elementor-post-date\">\n\t\t\tao\u00fbt 27, 2020\t\t<\/span>\n\t\t\t\t<span class=\"elementor-post-avatar\">\n\t\t\tAucun commentaire\t\t<\/span>\n\t\t\t\t<\/div>\n\t\t\t\t\t<\/div>\n\t\t<\/article>\n\t\t\t\t<article class=\"elementor-post elementor-grid-item post-1332 post type-post status-publish format-standard has-post-thumbnail hentry category-blog-turf-communaute\">\n\t\t\t<div class=\"elementor-post__card\">\n\t\t\t\t<a class=\"elementor-post__thumbnail__link\" href=\"https:\/\/www.turf.fr\/social\/27-08-2020-prix-des-chenettes-deauville\/\" tabindex=\"-1\"><div class=\"elementor-post__thumbnail\"><img loading=\"lazy\" decoding=\"async\" width=\"275\" height=\"183\" src=\"https:\/\/www.turf.fr\/social\/wp-content\/uploads\/2020\/08\/deauville-5.jpg\" class=\"attachment-medium size-medium wp-image-1333\" alt=\"\" \/><\/div><\/a>\n\t\t\t\t<div class=\"elementor-post__badge\">Blog Turf Communaut\u00e9<\/div>\n\t\t\t\t<div class=\"elementor-post__avatar\">\n\t\t\t<img alt='Michel59' src='https:\/\/www.turf.fr\/social\/wp-content\/uploads\/avatars\/39\/627e1d8ac9b3e-bpthumb.jpg' srcset='https:\/\/www.turf.fr\/social\/wp-content\/uploads\/avatars\/39\/627e1d8ac9b3e-bpthumb.jpg 2x' class='avatar avatar-128 photo' height='128' width='128' \/>\t\t<\/div>\n\t\t\t\t<div class=\"elementor-post__text\">\n\t\t\t\t<h2 class=\"elementor-post__title\">\n\t\t\t<a href=\"https:\/\/www.turf.fr\/social\/27-08-2020-prix-des-chenettes-deauville\/\">\n\t\t\t\t27\/08\/2020 Prix des Ch\u00eanettes &#8211; Deauville\t\t\t<\/a>\n\t\t<\/h2>\n\t\t\t\t<div class=\"elementor-post__excerpt\">\n\t\t\t<p>Bonjour \u00e0 toutes &amp; tous, 27\/08\/20 Prix des Ch\u00eanettes &#8211; Deauville Ma base&nbsp;: Palis Argenteus (3) m\u00e9riterait de gagner son quint\u00e9 Dans cette \u00e9preuve&nbsp;: Kahuna<\/p>\n\t\t<\/div>\n\t\t\n\t\t<a class=\"elementor-post__read-more\" href=\"https:\/\/www.turf.fr\/social\/27-08-2020-prix-des-chenettes-deauville\/\" aria-label=\"En savoir plus sur 27\/08\/2020 Prix des Ch\u00eanettes &#8211; Deauville\" tabindex=\"-1\">\n\t\t\tLire la suite de l'article \t\t<\/a>\n\n\t\t\t\t<\/div>\n\t\t\t\t<div class=\"elementor-post__meta-data\">\n\t\t\t\t\t<span class=\"elementor-post-date\">\n\t\t\tao\u00fbt 26, 2020\t\t<\/span>\n\t\t\t\t<span class=\"elementor-post-avatar\">\n\t\t\t2 commentaires\t\t<\/span>\n\t\t\t\t<\/div>\n\t\t\t\t\t<\/div>\n\t\t<\/article>\n\t\t\t\t<article class=\"elementor-post elementor-grid-item post-1317 post type-post status-publish format-standard hentry category-blog-turf-communaute\">\n\t\t\t<div class=\"elementor-post__card\">\n\t\t\t\t<div class=\"elementor-post__text\">\n\t\t\t\t<h2 class=\"elementor-post__title\">\n\t\t\t<a href=\"https:\/\/www.turf.fr\/social\/quinte-du-mercredi-26-08-a-clairefontaine\/\">\n\t\t\t\tQuint\u00e9 + du Mercredi 26\/08 \u00e0 CLAIREFONTAINE\t\t\t<\/a>\n\t\t<\/h2>\n\t\t\t\t<div class=\"elementor-post__excerpt\">\n\t\t\t<p>Grand Steeple-Chase Ville de Deauville Steeple-chase &#8211; 4500m &#8211; 76000 \u20ac &#8211; 16 Partants Handicap &#8211; R\u00e9f: +10 &#8211; L. &#8211; 5 ans et plus<\/p>\n\t\t<\/div>\n\t\t\n\t\t<a class=\"elementor-post__read-more\" href=\"https:\/\/www.turf.fr\/social\/quinte-du-mercredi-26-08-a-clairefontaine\/\" aria-label=\"En savoir plus sur Quint\u00e9 + du Mercredi 26\/08 \u00e0 CLAIREFONTAINE\" tabindex=\"-1\">\n\t\t\tLire la suite de l'article \t\t<\/a>\n\n\t\t\t\t<\/div>\n\t\t\t\t<div class=\"elementor-post__meta-data\">\n\t\t\t\t\t<span class=\"elementor-post-date\">\n\t\t\tao\u00fbt 26, 2020\t\t<\/span>\n\t\t\t\t<span class=\"elementor-post-avatar\">\n\t\t\tAucun commentaire\t\t<\/span>\n\t\t\t\t<\/div>\n\t\t\t\t\t<\/div>\n\t\t<\/article>\n\t\t\t\t<article class=\"elementor-post elementor-grid-item post-1300 post type-post status-publish format-standard hentry category-blog-turf-communaute\">\n\t\t\t<div class=\"elementor-post__card\">\n\t\t\t\t<div class=\"elementor-post__text\">\n\t\t\t\t<h2 class=\"elementor-post__title\">\n\t\t\t<a href=\"https:\/\/www.turf.fr\/social\/quinte-du-lundi-24-08-a-vincennes\/\">\n\t\t\t\tQuint\u00e9 + du lundi 24\/08 \u00e0 VINCENNES\t\t\t<\/a>\n\t\t<\/h2>\n\t\t\t\t<div class=\"elementor-post__excerpt\">\n\t\t\t<p>Prix de Mortain Attel\u00e9 &#8211; 2850m &#8211; 44000 \u20ac &#8211; 16 Partants Course D &#8211; Pour 6 \u00e0 10 ans inclus, n&#8217;ayant pas gagn\u00e9 265.000<\/p>\n\t\t<\/div>\n\t\t\n\t\t<a class=\"elementor-post__read-more\" href=\"https:\/\/www.turf.fr\/social\/quinte-du-lundi-24-08-a-vincennes\/\" aria-label=\"En savoir plus sur Quint\u00e9 + du lundi 24\/08 \u00e0 VINCENNES\" tabindex=\"-1\">\n\t\t\tLire la suite de l'article \t\t<\/a>\n\n\t\t\t\t<\/div>\n\t\t\t\t<div class=\"elementor-post__meta-data\">\n\t\t\t\t\t<span class=\"elementor-post-date\">\n\t\t\tao\u00fbt 24, 2020\t\t<\/span>\n\t\t\t\t<span class=\"elementor-post-avatar\">\n\t\t\tAucun commentaire\t\t<\/span>\n\t\t\t\t<\/div>\n\t\t\t\t\t<\/div>\n\t\t<\/article>\n\t\t\t\t<article class=\"elementor-post elementor-grid-item post-1275 post type-post status-publish format-standard hentry category-blog-turf-communaute\">\n\t\t\t<div class=\"elementor-post__card\">\n\t\t\t\t<div class=\"elementor-post__text\">\n\t\t\t\t<h2 class=\"elementor-post__title\">\n\t\t\t<a href=\"https:\/\/www.turf.fr\/social\/quinte-du-dimanche-23-08-a-deauville\/\">\n\t\t\t\tQuint\u00e9 + du Dimanche 23\/08 \u00e0 DEAUVILLE\t\t\t<\/a>\n\t\t<\/h2>\n\t\t\t\t<div class=\"elementor-post__excerpt\">\n\t\t\t<p>15h15 Prix Darley &#8211; Grand Handicap des Sprinters Plat &#8211; 1200m &#8211; 56000 \u20ac &#8211; 16 Partants Handicap divis\u00e9 &#8211; Premi\u00e8re \u00e9preuve &#8211; R\u00e9f: +14<\/p>\n\t\t<\/div>\n\t\t\n\t\t<a class=\"elementor-post__read-more\" href=\"https:\/\/www.turf.fr\/social\/quinte-du-dimanche-23-08-a-deauville\/\" aria-label=\"En savoir plus sur Quint\u00e9 + du Dimanche 23\/08 \u00e0 DEAUVILLE\" tabindex=\"-1\">\n\t\t\tLire la suite de l'article \t\t<\/a>\n\n\t\t\t\t<\/div>\n\t\t\t\t<div class=\"elementor-post__meta-data\">\n\t\t\t\t\t<span class=\"elementor-post-date\">\n\t\t\tao\u00fbt 22, 2020\t\t<\/span>\n\t\t\t\t<span class=\"elementor-post-avatar\">\n\t\t\tAucun commentaire\t\t<\/span>\n\t\t\t\t<\/div>\n\t\t\t\t\t<\/div>\n\t\t<\/article>\n\t\t\t\t<article class=\"elementor-post elementor-grid-item post-1265 post type-post status-publish format-standard hentry category-blog-turf-communaute\">\n\t\t\t<div class=\"elementor-post__card\">\n\t\t\t\t<div class=\"elementor-post__text\">\n\t\t\t\t<h2 class=\"elementor-post__title\">\n\t\t\t<a href=\"https:\/\/www.turf.fr\/social\/quinte-du-samedi-22-08-a-deauville\/\">\n\t\t\t\tQuint\u00e9 + du Samedi 22\/08 \u00e0 DEAUVILLE\t\t\t<\/a>\n\t\t<\/h2>\n\t\t\t\t<div class=\"elementor-post__excerpt\">\n\t\t\t<p>Prix Etalon Muhaarar Plat &#8211; 2000m &#8211; 40000 \u20ac &#8211; 16 Partants Handicap divis\u00e9 &#8211; Premi\u00e8re \u00e9preuve &#8211; R\u00e9f: +18,5 &#8211; Classe 2 &#8211; 4<\/p>\n\t\t<\/div>\n\t\t\n\t\t<a class=\"elementor-post__read-more\" href=\"https:\/\/www.turf.fr\/social\/quinte-du-samedi-22-08-a-deauville\/\" aria-label=\"En savoir plus sur Quint\u00e9 + du Samedi 22\/08 \u00e0 DEAUVILLE\" tabindex=\"-1\">\n\t\t\tLire la suite de l'article \t\t<\/a>\n\n\t\t\t\t<\/div>\n\t\t\t\t<div class=\"elementor-post__meta-data\">\n\t\t\t\t\t<span class=\"elementor-post-date\">\n\t\t\tao\u00fbt 22, 2020\t\t<\/span>\n\t\t\t\t<span class=\"elementor-post-avatar\">\n\t\t\tAucun commentaire\t\t<\/span>\n\t\t\t\t<\/div>\n\t\t\t\t\t<\/div>\n\t\t<\/article>\n\t\t\t\t<article class=\"elementor-post elementor-grid-item post-1253 post type-post status-publish format-standard hentry category-blog-turf-communaute\">\n\t\t\t<div class=\"elementor-post__card\">\n\t\t\t\t<div class=\"elementor-post__text\">\n\t\t\t\t<h2 class=\"elementor-post__title\">\n\t\t\t<a href=\"https:\/\/www.turf.fr\/social\/quinte-du-vendredi-21-08-en-semi-nocturne-a-cabourg\/\">\n\t\t\t\tQuint\u00e9 + du Vendredi 21\/08 en semi-nocturne \u00e0 CABOURG\t\t\t<\/a>\n\t\t<\/h2>\n\t\t\t\t<div class=\"elementor-post__excerpt\">\n\t\t\t<p>MA S\u00c9LECTION : 7 : Dame de Bellouet : D\u00e9ferr\u00e9e des 4 , c&#8217;est la course vis\u00e9e : MA BASE 2 : Capella de Vrie<\/p>\n\t\t<\/div>\n\t\t\n\t\t<a class=\"elementor-post__read-more\" href=\"https:\/\/www.turf.fr\/social\/quinte-du-vendredi-21-08-en-semi-nocturne-a-cabourg\/\" aria-label=\"En savoir plus sur Quint\u00e9 + du Vendredi 21\/08 en semi-nocturne \u00e0 CABOURG\" tabindex=\"-1\">\n\t\t\tLire la suite de l'article \t\t<\/a>\n\n\t\t\t\t<\/div>\n\t\t\t\t<div class=\"elementor-post__meta-data\">\n\t\t\t\t\t<span class=\"elementor-post-date\">\n\t\t\tao\u00fbt 21, 2020\t\t<\/span>\n\t\t\t\t<span class=\"elementor-post-avatar\">\n\t\t\tAucun commentaire\t\t<\/span>\n\t\t\t\t<\/div>\n\t\t\t\t\t<\/div>\n\t\t<\/article>\n\t\t\t\t<article class=\"elementor-post elementor-grid-item post-1225 post type-post status-publish format-standard hentry category-blog-turf-communaute\">\n\t\t\t<div class=\"elementor-post__card\">\n\t\t\t\t<div class=\"elementor-post__text\">\n\t\t\t\t<h2 class=\"elementor-post__title\">\n\t\t\t<a href=\"https:\/\/www.turf.fr\/social\/quinte-du-jeudi-20-08-a-deauville\/\">\n\t\t\t\tQuint\u00e9 du Jeudi 20\/08 \u00e0 DEAUVILLE\t\t\t<\/a>\n\t\t<\/h2>\n\t\t\t\t<div class=\"elementor-post__excerpt\">\n\t\t\t<p>Prix du Champ Durand Plat &#8211; 1200m &#8211; 44000 \u20ac &#8211; 15 Partants 3 ans &#8211; Handicap divis\u00e9 &#8211; premi\u00e8re \u00e9preuve &#8211; R\u00e9f : +<\/p>\n\t\t<\/div>\n\t\t\n\t\t<a class=\"elementor-post__read-more\" href=\"https:\/\/www.turf.fr\/social\/quinte-du-jeudi-20-08-a-deauville\/\" aria-label=\"En savoir plus sur Quint\u00e9 du Jeudi 20\/08 \u00e0 DEAUVILLE\" tabindex=\"-1\">\n\t\t\tLire la suite de l'article \t\t<\/a>\n\n\t\t\t\t<\/div>\n\t\t\t\t<div class=\"elementor-post__meta-data\">\n\t\t\t\t\t<span class=\"elementor-post-date\">\n\t\t\tao\u00fbt 20, 2020\t\t<\/span>\n\t\t\t\t<span class=\"elementor-post-avatar\">\n\t\t\tUn commentaire\t\t<\/span>\n\t\t\t\t<\/div>\n\t\t\t\t\t<\/div>\n\t\t<\/article>\n\t\t\t\t<article class=\"elementor-post elementor-grid-item post-1168 post type-post status-publish format-standard hentry category-blog-turf-communaute\">\n\t\t\t<div class=\"elementor-post__card\">\n\t\t\t\t<div class=\"elementor-post__text\">\n\t\t\t\t<h2 class=\"elementor-post__title\">\n\t\t\t<a href=\"https:\/\/www.turf.fr\/social\/quinte-du-mercredi-19-11-a-vincennes\/\">\n\t\t\t\tQuint\u00e9 + du Mercredi 19\/11 \u00e0 VINCENNES\t\t\t<\/a>\n\t\t<\/h2>\n\t\t\t\t<div class=\"elementor-post__excerpt\">\n\t\t\t<p>Prix de Beaune Attel\u00e9 \u2013 2850m -14 Partants \u2013 49000 \u20ac Course Europ\u00e9enne \u2013 Course C \u2013 Pour 7 \u00e0 10 ans inclus, n\u2019ayant pas<\/p>\n\t\t<\/div>\n\t\t\n\t\t<a class=\"elementor-post__read-more\" href=\"https:\/\/www.turf.fr\/social\/quinte-du-mercredi-19-11-a-vincennes\/\" aria-label=\"En savoir plus sur Quint\u00e9 + du Mercredi 19\/11 \u00e0 VINCENNES\" tabindex=\"-1\">\n\t\t\tLire la suite de l'article \t\t<\/a>\n\n\t\t\t\t<\/div>\n\t\t\t\t<div class=\"elementor-post__meta-data\">\n\t\t\t\t\t<span class=\"elementor-post-date\">\n\t\t\tao\u00fbt 19, 2020\t\t<\/span>\n\t\t\t\t<span class=\"elementor-post-avatar\">\n\t\t\tAucun commentaire\t\t<\/span>\n\t\t\t\t<\/div>\n\t\t\t\t\t<\/div>\n\t\t<\/article>\n\t\t\t\t<article class=\"elementor-post elementor-grid-item post-1107 post type-post status-publish format-standard hentry category-blog-turf-communaute\">\n\t\t\t<div class=\"elementor-post__card\">\n\t\t\t\t<div class=\"elementor-post__text\">\n\t\t\t\t<h2 class=\"elementor-post__title\">\n\t\t\t<a href=\"https:\/\/www.turf.fr\/social\/quinte-du-mardi-18-08-a-deauville\/\">\n\t\t\t\tQuint\u00e9 + du mardi 18\/08 \u00e0 DEAUVILLE\t\t\t<\/a>\n\t\t<\/h2>\n\t\t\t\t<div class=\"elementor-post__excerpt\">\n\t\t\t<p>13h50 Grand Handicap de la Manche Plat &#8211; 3200m &#8211; 44000 \u20ac &#8211; 15 Partants Handicap divis\u00e9 &#8211; Premi\u00e8re \u00e9preuve &#8211; R\u00e9f: +14 +19,5 &#8211;<\/p>\n\t\t<\/div>\n\t\t\n\t\t<a class=\"elementor-post__read-more\" href=\"https:\/\/www.turf.fr\/social\/quinte-du-mardi-18-08-a-deauville\/\" aria-label=\"En savoir plus sur Quint\u00e9 + du mardi 18\/08 \u00e0 DEAUVILLE\" tabindex=\"-1\">\n\t\t\tLire la suite de l'article \t\t<\/a>\n\n\t\t\t\t<\/div>\n\t\t\t\t<div class=\"elementor-post__meta-data\">\n\t\t\t\t\t<span class=\"elementor-post-date\">\n\t\t\tao\u00fbt 17, 2020\t\t<\/span>\n\t\t\t\t<span class=\"elementor-post-avatar\">\n\t\t\tAucun commentaire\t\t<\/span>\n\t\t\t\t<\/div>\n\t\t\t\t\t<\/div>\n\t\t<\/article>\n\t\t\t\t<article class=\"elementor-post elementor-grid-item post-1064 post type-post status-publish format-standard hentry category-blog-turf-communaute\">\n\t\t\t<div class=\"elementor-post__card\">\n\t\t\t\t<div class=\"elementor-post__text\">\n\t\t\t\t<h2 class=\"elementor-post__title\">\n\t\t\t<a href=\"https:\/\/www.turf.fr\/social\/quinte-du-lundi-17-08-a-clairefontaine\/\">\n\t\t\t\tQuint\u00e9 + du Lundi 17\/08 \u00e0 CLAIREFONTAINE\t\t\t<\/a>\n\t\t<\/h2>\n\t\t\t\t<div class=\"elementor-post__excerpt\">\n\t\t\t<p>Prix de Perseigne Plat \u2013 1800m \u2013 40000 \u20ac \u2013 15 Partants(N\/P : 6) Handicap&nbsp; femelles \u2013 Premi\u00e8re \u00e9preuve \u2013 R\u00e9f: +21,5&nbsp; \u2013 Piste en<\/p>\n\t\t<\/div>\n\t\t\n\t\t<a class=\"elementor-post__read-more\" href=\"https:\/\/www.turf.fr\/social\/quinte-du-lundi-17-08-a-clairefontaine\/\" aria-label=\"En savoir plus sur Quint\u00e9 + du Lundi 17\/08 \u00e0 CLAIREFONTAINE\" tabindex=\"-1\">\n\t\t\tLire la suite de l'article \t\t<\/a>\n\n\t\t\t\t<\/div>\n\t\t\t\t<div class=\"elementor-post__meta-data\">\n\t\t\t\t\t<span class=\"elementor-post-date\">\n\t\t\tao\u00fbt 16, 2020\t\t<\/span>\n\t\t\t\t<span class=\"elementor-post-avatar\">\n\t\t\tAucun commentaire\t\t<\/span>\n\t\t\t\t<\/div>\n\t\t\t\t\t<\/div>\n\t\t<\/article>\n\t\t\t\t<article class=\"elementor-post elementor-grid-item post-1027 post type-post status-publish format-standard hentry category-blog-turf-communaute\">\n\t\t\t<div class=\"elementor-post__card\">\n\t\t\t\t<div class=\"elementor-post__text\">\n\t\t\t\t<h2 class=\"elementor-post__title\">\n\t\t\t<a href=\"https:\/\/www.turf.fr\/social\/quinte-du-dimanche-16-08-a-deauville\/\">\n\t\t\t\tQuint\u00e9 + du Dimanche 16\/08 \u00e0 DEAUVILLE\t\t\t<\/a>\n\t\t<\/h2>\n\t\t\t\t<div class=\"elementor-post__excerpt\">\n\t\t\t<p>Grand Handicap de Deauville Plat &#8211; 1600m &#8211; 80000 \u20ac&nbsp; &#8211; 16 partants Handicap divis\u00e9 &#8211; Premi\u00e8re \u00e9preuve &#8211; R\u00e9f: +11 +13,5 &#8211; Classe 1<\/p>\n\t\t<\/div>\n\t\t\n\t\t<a class=\"elementor-post__read-more\" href=\"https:\/\/www.turf.fr\/social\/quinte-du-dimanche-16-08-a-deauville\/\" aria-label=\"En savoir plus sur Quint\u00e9 + du Dimanche 16\/08 \u00e0 DEAUVILLE\" tabindex=\"-1\">\n\t\t\tLire la suite de l'article \t\t<\/a>\n\n\t\t\t\t<\/div>\n\t\t\t\t<div class=\"elementor-post__meta-data\">\n\t\t\t\t\t<span class=\"elementor-post-date\">\n\t\t\tao\u00fbt 15, 2020\t\t<\/span>\n\t\t\t\t<span class=\"elementor-post-avatar\">\n\t\t\tAucun commentaire\t\t<\/span>\n\t\t\t\t<\/div>\n\t\t\t\t\t<\/div>\n\t\t<\/article>\n\t\t\t\t<article class=\"elementor-post elementor-grid-item post-1000 post type-post status-publish format-standard hentry category-blog-turf-communaute\">\n\t\t\t<div class=\"elementor-post__card\">\n\t\t\t\t<div class=\"elementor-post__text\">\n\t\t\t\t<h2 class=\"elementor-post__title\">\n\t\t\t<a href=\"https:\/\/www.turf.fr\/social\/quinte-du-15-a-deauville\/\">\n\t\t\t\tQuint\u00e9 du 15 \u00e0 Deauville&nbsp;\t\t\t<\/a>\n\t\t<\/h2>\n\t\t\t\t<div class=\"elementor-post__excerpt\">\n\t\t\t<p>Bonjour \u00e0 tous&nbsp; Je prend pour base le 12 Je pense que Ardouin saura quoi faire.Je raye le 7 Suppl\u00e9menter&nbsp; Ma s\u00e9lection 12-2-9-6-1-5-14-4 (10)<\/p>\n\t\t<\/div>\n\t\t\n\t\t<a class=\"elementor-post__read-more\" href=\"https:\/\/www.turf.fr\/social\/quinte-du-15-a-deauville\/\" aria-label=\"En savoir plus sur Quint\u00e9 du 15 \u00e0 Deauville&nbsp;\" tabindex=\"-1\">\n\t\t\tLire la suite de l'article \t\t<\/a>\n\n\t\t\t\t<\/div>\n\t\t\t\t<div class=\"elementor-post__meta-data\">\n\t\t\t\t\t<span class=\"elementor-post-date\">\n\t\t\tao\u00fbt 15, 2020\t\t<\/span>\n\t\t\t\t<span class=\"elementor-post-avatar\">\n\t\t\tAucun commentaire\t\t<\/span>\n\t\t\t\t<\/div>\n\t\t\t\t\t<\/div>\n\t\t<\/article>\n\t\t\t\t<article class=\"elementor-post elementor-grid-item post-988 post type-post status-publish format-standard hentry category-blog-turf-communaute\">\n\t\t\t<div class=\"elementor-post__card\">\n\t\t\t\t<div class=\"elementor-post__text\">\n\t\t\t\t<h2 class=\"elementor-post__title\">\n\t\t\t<a href=\"https:\/\/www.turf.fr\/social\/quinte-du-samedi-15-08-a-deauville\/\">\n\t\t\t\tQuint\u00e9 du Samedi 15\/08 \u00e0 DEAUVILLE\t\t\t<\/a>\n\t\t<\/h2>\n\t\t\t\t<div class=\"elementor-post__excerpt\">\n\t\t\t<p>MA S\u00c9LECTION : 7 : Beryl The Petal : Suppl\u00e9ment\u00e9e pour pouvoir participer \u00e0 ce quint\u00e9, joue \u00e0 domicile: MA BASE 2 : Darshano :<\/p>\n\t\t<\/div>\n\t\t\n\t\t<a class=\"elementor-post__read-more\" href=\"https:\/\/www.turf.fr\/social\/quinte-du-samedi-15-08-a-deauville\/\" aria-label=\"En savoir plus sur Quint\u00e9 du Samedi 15\/08 \u00e0 DEAUVILLE\" tabindex=\"-1\">\n\t\t\tLire la suite de l'article \t\t<\/a>\n\n\t\t\t\t<\/div>\n\t\t\t\t<div class=\"elementor-post__meta-data\">\n\t\t\t\t\t<span class=\"elementor-post-date\">\n\t\t\tao\u00fbt 15, 2020\t\t<\/span>\n\t\t\t\t<span class=\"elementor-post-avatar\">\n\t\t\tAucun commentaire\t\t<\/span>\n\t\t\t\t<\/div>\n\t\t\t\t\t<\/div>\n\t\t<\/article>\n\t\t\t\t<article class=\"elementor-post elementor-grid-item post-899 post type-post status-publish format-standard hentry category-blog-turf-communaute\">\n\t\t\t<div class=\"elementor-post__card\">\n\t\t\t\t<div class=\"elementor-post__text\">\n\t\t\t\t<h2 class=\"elementor-post__title\">\n\t\t\t<a href=\"https:\/\/www.turf.fr\/social\/pronostic-pour-le-quinte-du-vendredi-14-08\/\">\n\t\t\t\tPronostic pour le quint\u00e9 du Vendredi 14\/08\t\t\t<\/a>\n\t\t<\/h2>\n\t\t\t\t<div class=\"elementor-post__excerpt\">\n\t\t\t<p>D\u00c9PART 20H15 R1C3 PRIX DE VILLEDIEU-LES-POELES Attel\u00e9 &#8211; 32 000 \u20ac &#8211; 2750 m &#8211; 14 partants &#8211; Piste en sable &#8211; Corde \u00e0 droite<\/p>\n\t\t<\/div>\n\t\t\n\t\t<a class=\"elementor-post__read-more\" href=\"https:\/\/www.turf.fr\/social\/pronostic-pour-le-quinte-du-vendredi-14-08\/\" aria-label=\"En savoir plus sur Pronostic pour le quint\u00e9 du Vendredi 14\/08\" tabindex=\"-1\">\n\t\t\tLire la suite de l'article \t\t<\/a>\n\n\t\t\t\t<\/div>\n\t\t\t\t<div class=\"elementor-post__meta-data\">\n\t\t\t\t\t<span class=\"elementor-post-date\">\n\t\t\tao\u00fbt 14, 2020\t\t<\/span>\n\t\t\t\t<span class=\"elementor-post-avatar\">\n\t\t\t5 commentaires\t\t<\/span>\n\t\t\t\t<\/div>\n\t\t\t\t\t<\/div>\n\t\t<\/article>\n\t\t\t\t<article class=\"elementor-post elementor-grid-item post-827 post type-post status-publish format-standard hentry category-blog-turf-communaute\">\n\t\t\t<div class=\"elementor-post__card\">\n\t\t\t\t<div class=\"elementor-post__text\">\n\t\t\t\t<h2 class=\"elementor-post__title\">\n\t\t\t<a href=\"https:\/\/www.turf.fr\/social\/quinte-du-13-aout-2020\/\">\n\t\t\t\tQuint\u00e9 du 13 Ao\u00fbt 2020\t\t\t<\/a>\n\t\t<\/h2>\n\t\t\t\t<div class=\"elementor-post__excerpt\">\n\t\t\t<p>Ma base pour ce quint\u00e9 se le 16.Apres avoir go\u00fbter aux handicapes je pense que lon peut voir son vrai visage aujourd&#8217;hui.j&#8217;ai pris le RISQUE<\/p>\n\t\t<\/div>\n\t\t\n\t\t<a class=\"elementor-post__read-more\" href=\"https:\/\/www.turf.fr\/social\/quinte-du-13-aout-2020\/\" aria-label=\"En savoir plus sur Quint\u00e9 du 13 Ao\u00fbt 2020\" tabindex=\"-1\">\n\t\t\tLire la suite de l'article \t\t<\/a>\n\n\t\t\t\t<\/div>\n\t\t\t\t<div class=\"elementor-post__meta-data\">\n\t\t\t\t\t<span class=\"elementor-post-date\">\n\t\t\tao\u00fbt 13, 2020\t\t<\/span>\n\t\t\t\t<span class=\"elementor-post-avatar\">\n\t\t\t3 commentaires\t\t<\/span>\n\t\t\t\t<\/div>\n\t\t\t\t\t<\/div>\n\t\t<\/article>\n\t\t\t\t<article class=\"elementor-post elementor-grid-item post-690 post type-post status-publish format-standard hentry category-blog-turf-communaute\">\n\t\t\t<div class=\"elementor-post__card\">\n\t\t\t\t<div class=\"elementor-post__text\">\n\t\t\t\t<h2 class=\"elementor-post__title\">\n\t\t\t<a href=\"https:\/\/www.turf.fr\/social\/quinte-deauville-plat-r1c7-16-partants\/\">\n\t\t\t\tQuint\u00e9 Deauville Plat R1C7 16 partants\t\t\t<\/a>\n\t\t<\/h2>\n\t\t\t\t<div class=\"elementor-post__excerpt\">\n\t\t\t<p>7 10 8 6 14 si 3 num\u00e9ros petit Q 11 1 3 2 5 si 3 num\u00e9ros joli Q 4 9 13 12 15<\/p>\n\t\t<\/div>\n\t\t\n\t\t<a class=\"elementor-post__read-more\" href=\"https:\/\/www.turf.fr\/social\/quinte-deauville-plat-r1c7-16-partants\/\" aria-label=\"En savoir plus sur Quint\u00e9 Deauville Plat R1C7 16 partants\" tabindex=\"-1\">\n\t\t\tLire la suite de l'article \t\t<\/a>\n\n\t\t\t\t<\/div>\n\t\t\t\t<div class=\"elementor-post__meta-data\">\n\t\t\t\t\t<span class=\"elementor-post-date\">\n\t\t\tao\u00fbt 13, 2020\t\t<\/span>\n\t\t\t\t<span class=\"elementor-post-avatar\">\n\t\t\tAucun commentaire\t\t<\/span>\n\t\t\t\t<\/div>\n\t\t\t\t\t<\/div>\n\t\t<\/article>\n\t\t\t\t<article class=\"elementor-post elementor-grid-item post-582 post type-post status-publish format-standard hentry category-blog-turf-communaute\">\n\t\t\t<div class=\"elementor-post__card\">\n\t\t\t\t<div class=\"elementor-post__text\">\n\t\t\t\t<h2 class=\"elementor-post__title\">\n\t\t\t<a href=\"https:\/\/www.turf.fr\/social\/quinte-enghien-trot-attele-autostart-r1c1-16-partants\/\">\n\t\t\t\tQuint\u00e9 Enghien trot attel\u00e9 autostart R1C1 16 partants\t\t\t<\/a>\n\t\t<\/h2>\n\t\t\t\t<div class=\"elementor-post__excerpt\">\n\t\t\t<p>4 10 5 14 1 si 3 num\u00e9ros petit Q= petit Q 6 15 12 13 11 si 3 num\u00e9ros joli Q 2 9 16<\/p>\n\t\t<\/div>\n\t\t\n\t\t<a class=\"elementor-post__read-more\" href=\"https:\/\/www.turf.fr\/social\/quinte-enghien-trot-attele-autostart-r1c1-16-partants\/\" aria-label=\"En savoir plus sur Quint\u00e9 Enghien trot attel\u00e9 autostart R1C1 16 partants\" tabindex=\"-1\">\n\t\t\tLire la suite de l'article \t\t<\/a>\n\n\t\t\t\t<\/div>\n\t\t\t\t<div class=\"elementor-post__meta-data\">\n\t\t\t\t\t<span class=\"elementor-post-date\">\n\t\t\tao\u00fbt 12, 2020\t\t<\/span>\n\t\t\t\t<span class=\"elementor-post-avatar\">\n\t\t\tAucun commentaire\t\t<\/span>\n\t\t\t\t<\/div>\n\t\t\t\t\t<\/div>\n\t\t<\/article>\n\t\t\t\t<article class=\"elementor-post elementor-grid-item post-518 post type-post status-publish format-standard hentry category-blog-turf-communaute\">\n\t\t\t<div class=\"elementor-post__card\">\n\t\t\t\t<div class=\"elementor-post__text\">\n\t\t\t\t<h2 class=\"elementor-post__title\">\n\t\t\t<a href=\"https:\/\/www.turf.fr\/social\/quinte-du-12-aout-a-enghien\/\">\n\t\t\t\tQuint\u00e9 du 12 Ao\u00fbt \u00e0 Enghien&nbsp;\t\t\t<\/a>\n\t\t<\/h2>\n\t\t\t\t<div class=\"elementor-post__excerpt\">\n\t\t\t<p>Bonjour \u00e0 tous Pour ce quint\u00e9 je ne serais pas original je place en-t\u00eate de ma s\u00e9lection le 4 qui si s&#8217;adapte \u00e0 la distance<\/p>\n\t\t<\/div>\n\t\t\n\t\t<a class=\"elementor-post__read-more\" href=\"https:\/\/www.turf.fr\/social\/quinte-du-12-aout-a-enghien\/\" aria-label=\"En savoir plus sur Quint\u00e9 du 12 Ao\u00fbt \u00e0 Enghien&nbsp;\" tabindex=\"-1\">\n\t\t\tLire la suite de l'article \t\t<\/a>\n\n\t\t\t\t<\/div>\n\t\t\t\t<div class=\"elementor-post__meta-data\">\n\t\t\t\t\t<span class=\"elementor-post-date\">\n\t\t\tao\u00fbt 12, 2020\t\t<\/span>\n\t\t\t\t<span class=\"elementor-post-avatar\">\n\t\t\t4 commentaires\t\t<\/span>\n\t\t\t\t<\/div>\n\t\t\t\t\t<\/div>\n\t\t<\/article>\n\t\t\t\t<article class=\"elementor-post elementor-grid-item post-401 post type-post status-publish format-standard has-post-thumbnail hentry category-blog-turf-communaute\">\n\t\t\t<div class=\"elementor-post__card\">\n\t\t\t\t<a class=\"elementor-post__thumbnail__link\" href=\"https:\/\/www.turf.fr\/social\/quinte-a-deauvile-r1-c1\/\" tabindex=\"-1\"><div class=\"elementor-post__thumbnail\"><img loading=\"lazy\" decoding=\"async\" width=\"183\" height=\"276\" src=\"https:\/\/www.turf.fr\/social\/wp-content\/uploads\/2020\/08\/t\u00e9l\u00e9charg\u00e9-1.jpg\" class=\"attachment-medium size-medium wp-image-412\" alt=\"\" \/><\/div><\/a>\n\t\t\t\t<div class=\"elementor-post__badge\">Blog Turf Communaut\u00e9<\/div>\n\t\t\t\t<div class=\"elementor-post__avatar\">\n\t\t\t<img alt='riecguingamp' src='https:\/\/www.turf.fr\/social\/wp-content\/uploads\/avatars\/30\/5f34e77333562-bpthumb.png' srcset='https:\/\/www.turf.fr\/social\/wp-content\/uploads\/avatars\/30\/5f34e77333562-bpthumb.png 2x' class='avatar avatar-128 photo' height='128' width='128' \/>\t\t<\/div>\n\t\t\t\t<div class=\"elementor-post__text\">\n\t\t\t\t<h2 class=\"elementor-post__title\">\n\t\t\t<a href=\"https:\/\/www.turf.fr\/social\/quinte-a-deauvile-r1-c1\/\">\n\t\t\t\tQuint\u00e9 \u00e0 Deauvile&nbsp; &nbsp; &nbsp;R1&nbsp; &nbsp; C1\t\t\t<\/a>\n\t\t<\/h2>\n\t\t\t\t<div class=\"elementor-post__excerpt\">\n\t\t\t<p>Mon prono&nbsp; :&nbsp; 14 .6.7.11.4.1.2.10&#8230;.5<\/p>\n\t\t<\/div>\n\t\t\n\t\t<a class=\"elementor-post__read-more\" href=\"https:\/\/www.turf.fr\/social\/quinte-a-deauvile-r1-c1\/\" aria-label=\"En savoir plus sur Quint\u00e9 \u00e0 Deauvile&nbsp; &nbsp; &nbsp;R1&nbsp; &nbsp; C1\" tabindex=\"-1\">\n\t\t\tLire la suite de l'article \t\t<\/a>\n\n\t\t\t\t<\/div>\n\t\t\t\t<div class=\"elementor-post__meta-data\">\n\t\t\t\t\t<span class=\"elementor-post-date\">\n\t\t\tao\u00fbt 11, 2020\t\t<\/span>\n\t\t\t\t<span class=\"elementor-post-avatar\">\n\t\t\t6 commentaires\t\t<\/span>\n\t\t\t\t<\/div>\n\t\t\t\t\t<\/div>\n\t\t<\/article>\n\t\t\t\t<article class=\"elementor-post elementor-grid-item post-360 post type-post status-publish format-standard has-post-thumbnail hentry category-blog-turf-communaute\">\n\t\t\t<div class=\"elementor-post__card\">\n\t\t\t\t<a class=\"elementor-post__thumbnail__link\" href=\"https:\/\/www.turf.fr\/social\/les-astuces-et-les-bases-pht-de-g-y-55\/\" tabindex=\"-1\"><div class=\"elementor-post__thumbnail\"><img loading=\"lazy\" decoding=\"async\" width=\"300\" height=\"169\" src=\"https:\/\/www.turf.fr\/social\/wp-content\/uploads\/2020\/08\/Communaut\u00e9-TURF.FR_-2-300x169.jpg\" class=\"attachment-medium size-medium wp-image-154\" alt=\"\" srcset=\"https:\/\/www.turf.fr\/social\/wp-content\/uploads\/2020\/08\/Communaut\u00e9-TURF.FR_-2-300x169.jpg 300w, https:\/\/www.turf.fr\/social\/wp-content\/uploads\/2020\/08\/Communaut\u00e9-TURF.FR_-2-768x432.jpg 768w, https:\/\/www.turf.fr\/social\/wp-content\/uploads\/2020\/08\/Communaut\u00e9-TURF.FR_-2-624x351.jpg 624w, https:\/\/www.turf.fr\/social\/wp-content\/uploads\/2020\/08\/Communaut\u00e9-TURF.FR_-2.jpg 1024w\" sizes=\"(max-width: 300px) 100vw, 300px\" \/><\/div><\/a>\n\t\t\t\t<div class=\"elementor-post__badge\">Blog Turf Communaut\u00e9<\/div>\n\t\t\t\t<div class=\"elementor-post__avatar\">\n\t\t\t<img alt='EGRAGY55meuseG.Y.' src='https:\/\/www.turf.fr\/social\/wp-content\/plugins\/buddyboss-platform\/bp-core\/images\/profile-avatar-buddyboss-50.png' srcset='https:\/\/www.turf.fr\/social\/wp-content\/plugins\/buddyboss-platform\/bp-core\/images\/profile-avatar-buddyboss-50.png 2x' class='avatar avatar-128 photo' height='128' width='128' \/>\t\t<\/div>\n\t\t\t\t<div class=\"elementor-post__text\">\n\t\t\t\t<h2 class=\"elementor-post__title\">\n\t\t\t<a href=\"https:\/\/www.turf.fr\/social\/les-astuces-et-les-bases-pht-de-g-y-55\/\">\n\t\t\t\tLES ASTUCES ET LES BASES PHT DE G.Y. 55\t\t\t<\/a>\n\t\t<\/h2>\n\t\t\t\t<div class=\"elementor-post__excerpt\">\n\t\t\t<p>LES ASTUCES ET LES BASES PHT DE G.Y. 55 OU TROUVER DES BONS SUPPORTS POUR BASES OU CHEVAUX PLACES DANS LES CRITERES CI-DESSOUS DE G.Y.<\/p>\n\t\t<\/div>\n\t\t\n\t\t<a class=\"elementor-post__read-more\" href=\"https:\/\/www.turf.fr\/social\/les-astuces-et-les-bases-pht-de-g-y-55\/\" aria-label=\"En savoir plus sur LES ASTUCES ET LES BASES PHT DE G.Y. 55\" tabindex=\"-1\">\n\t\t\tLire la suite de l'article \t\t<\/a>\n\n\t\t\t\t<\/div>\n\t\t\t\t<div class=\"elementor-post__meta-data\">\n\t\t\t\t\t<span class=\"elementor-post-date\">\n\t\t\tao\u00fbt 10, 2020\t\t<\/span>\n\t\t\t\t<span class=\"elementor-post-avatar\">\n\t\t\tAucun commentaire\t\t<\/span>\n\t\t\t\t<\/div>\n\t\t\t\t\t<\/div>\n\t\t<\/article>\n\t\t\t\t<article class=\"elementor-post elementor-grid-item post-335 post type-post status-publish format-standard has-post-thumbnail hentry category-blog-turf-communaute\">\n\t\t\t<div class=\"elementor-post__card\">\n\t\t\t\t<a class=\"elementor-post__thumbnail__link\" href=\"https:\/\/www.turf.fr\/social\/nouveau-turf-fr\/\" tabindex=\"-1\"><div class=\"elementor-post__thumbnail\"><img loading=\"lazy\" decoding=\"async\" width=\"600\" height=\"600\" src=\"https:\/\/www.turf.fr\/social\/wp-content\/uploads\/2020\/08\/TURF.FR-PLATEFORME-PMU-600x600.jpg\" class=\"attachment-medium size-medium wp-image-336\" alt=\"TURF.FR PLATEFORME PMU\" srcset=\"https:\/\/www.turf.fr\/social\/wp-content\/uploads\/2020\/08\/TURF.FR-PLATEFORME-PMU-600x600.jpg 600w, https:\/\/www.turf.fr\/social\/wp-content\/uploads\/2020\/08\/TURF.FR-PLATEFORME-PMU-300x300.jpg 300w, https:\/\/www.turf.fr\/social\/wp-content\/uploads\/2020\/08\/TURF.FR-PLATEFORME-PMU-768x768.jpg 768w, https:\/\/www.turf.fr\/social\/wp-content\/uploads\/2020\/08\/TURF.FR-PLATEFORME-PMU-700x700.jpg 700w, https:\/\/www.turf.fr\/social\/wp-content\/uploads\/2020\/08\/TURF.FR-PLATEFORME-PMU-624x624.jpg 624w, https:\/\/www.turf.fr\/social\/wp-content\/uploads\/2020\/08\/TURF.FR-PLATEFORME-PMU.jpg 1000w\" sizes=\"(max-width: 600px) 100vw, 600px\" \/><\/div><\/a>\n\t\t\t\t<div class=\"elementor-post__badge\">Blog Turf Communaut\u00e9<\/div>\n\t\t\t\t<div class=\"elementor-post__avatar\">\n\t\t\t<img alt='admin' src='https:\/\/www.turf.fr\/social\/wp-content\/uploads\/avatars\/1\/5f2fd43408927-bpthumb.png' srcset='https:\/\/www.turf.fr\/social\/wp-content\/uploads\/avatars\/1\/5f2fd43408927-bpthumb.png 2x' class='avatar avatar-128 photo' height='128' width='128' \/>\t\t<\/div>\n\t\t\t\t<div class=\"elementor-post__text\">\n\t\t\t\t<h2 class=\"elementor-post__title\">\n\t\t\t<a href=\"https:\/\/www.turf.fr\/social\/nouveau-turf-fr\/\">\n\t\t\t\tNouveau TURF.FR\t\t\t<\/a>\n\t\t<\/h2>\n\t\t\t\t<div class=\"elementor-post__excerpt\">\n\t\t\t<p>Chers Turfistes, nous vous avons \u00e9cout\u00e9 et nous avons mis en ligne une nouvelle version du TURF Social.Un espace libre o\u00f9 vous pouvez parler TURF<\/p>\n\t\t<\/div>\n\t\t\n\t\t<a class=\"elementor-post__read-more\" href=\"https:\/\/www.turf.fr\/social\/nouveau-turf-fr\/\" aria-label=\"En savoir plus sur Nouveau TURF.FR\" tabindex=\"-1\">\n\t\t\tLire la suite de l'article \t\t<\/a>\n\n\t\t\t\t<\/div>\n\t\t\t\t<div class=\"elementor-post__meta-data\">\n\t\t\t\t\t<span class=\"elementor-post-date\">\n\t\t\tao\u00fbt 9, 2020\t\t<\/span>\n\t\t\t\t<span class=\"elementor-post-avatar\">\n\t\t\tUn commentaire\t\t<\/span>\n\t\t\t\t<\/div>\n\t\t\t\t\t<\/div>\n\t\t<\/article>\n\t\t\t\t<\/div>\n\t\t\n\t\t\t\t<\/div>\n\t\t\t\t<\/div>\n\t\t\t\t<div class=\"elementor-element elementor-element-c497e06 elementor-align-center elementor-widget elementor-widget-button\" data-id=\"c497e06\" data-element_type=\"widget\" data-widget_type=\"button.default\">\n\t\t\t\t<div class=\"elementor-widget-container\">\n\t\t\t\t\t\t\t<div class=\"elementor-button-wrapper\">\n\t\t\t\t\t<a class=\"elementor-button elementor-button-link elementor-size-sm\" href=\"http:\/\/www.turf.fr\/social\/ecrire-un-article-de-blog\/\">\n\t\t\t\t\t\t<span class=\"elementor-button-content-wrapper\">\n\t\t\t\t\t\t<span class=\"elementor-button-icon\">\n\t\t\t\t<i aria-hidden=\"true\" class=\"fas fa-pencil-alt\"><\/i>\t\t\t<\/span>\n\t\t\t\t\t\t\t\t\t<span class=\"elementor-button-text\">Je lance mon blog TURF<\/span>\n\t\t\t\t\t<\/span>\n\t\t\t\t\t<\/a>\n\t\t\t\t<\/div>\n\t\t\t\t\t\t<\/div>\n\t\t\t\t<\/div>\n\t\t\t\t<div class=\"elementor-element elementor-element-0e4732a widget bp-latest-activities elementor-widget elementor-widget-wp-widget-bp_latest_activities\" data-id=\"0e4732a\" data-element_type=\"widget\" data-widget_type=\"wp-widget-bp_latest_activities.default\">\n\t\t\t\t<div class=\"elementor-widget-container\">\n\t\t\t<h5>Nos pronostiqueurs blogueurs  <\/h5>\t<div class=\"activity-list item-list\">\n\t\t\t\t\t<div class=\"activity-update\">\n\n\t\t\t\t<div class=\"update-item\">\n\t\t\t\t\t<cite>\n\t\t\t\t\t\t<a href=\"https:\/\/www.turf.fr\/social\/turfistes\/boudoturf\/\" class=\"bp-tooltip\" data-bp-tooltip-pos=\"up\" data-bp-tooltip=\"boudoturf\">\n\t\t\t\t\t\t\t<img loading=\"lazy\" decoding=\"async\" src=\"https:\/\/www.turf.fr\/social\/wp-content\/uploads\/avatars\/1370\/6207c1c0c11a5-bpthumb.png\" class=\"avatar user-1370-avatar avatar-40 photo\" width=\"40\" height=\"40\" alt=\"Photo de Profil de boudoturf\" \/>\t\t\t\t\t\t<\/a>\n\t\t\t\t\t<\/cite>\n\n\t\t\t\t\t<div class=\"bp-activity-info\">\n\t\t\t\t\t\t<p><a href=\"https:\/\/www.turf.fr\/social\/turfistes\/boudoturf\/\">boudoturf<\/a> posted a new post. <a href=\"https:\/\/www.turf.fr\/social\/?p=13617\" class=\"view activity-time-since\"><span class=\"time-since\" data-livestamp=\"2022-02-12T14:24:27+0000\">Il y a 4 ann\u00e9es<\/span><\/a><\/p>\n\t\t\t\t\t<\/div>\n\t\t\t\t<\/div>\n\n\t\t\t<\/div>\n\t\t\t\t\t<div class=\"activity-update\">\n\n\t\t\t\t<div class=\"update-item\">\n\t\t\t\t\t<cite>\n\t\t\t\t\t\t<a href=\"https:\/\/www.turf.fr\/social\/turfistes\/beatrice\/\" class=\"bp-tooltip\" data-bp-tooltip-pos=\"up\" data-bp-tooltip=\"beatrice\">\n\t\t\t\t\t\t\t<img loading=\"lazy\" decoding=\"async\" src=\"https:\/\/www.turf.fr\/social\/wp-content\/uploads\/avatars\/1139\/61535a50b3867-bpthumb.png\" class=\"avatar user-1139-avatar avatar-40 photo\" width=\"40\" height=\"40\" alt=\"Photo de Profil de beatrice\" \/>\t\t\t\t\t\t<\/a>\n\t\t\t\t\t<\/cite>\n\n\t\t\t\t\t<div class=\"bp-activity-info\">\n\t\t\t\t\t\t<p><a href=\"https:\/\/www.turf.fr\/social\/turfistes\/beatrice\/\">beatrice<\/a> posted a new post. <a href=\"https:\/\/www.turf.fr\/social\/?p=10880\" class=\"view activity-time-since\"><span class=\"time-since\" data-livestamp=\"2021-09-28T18:26:40+0000\">Il y a 4 ann\u00e9es<\/span><\/a><\/p>\n\t\t\t\t\t<\/div>\n\t\t\t\t<\/div>\n\n\t\t\t<\/div>\n\t\t\t\t\t<div class=\"activity-update\">\n\n\t\t\t\t<div class=\"update-item\">\n\t\t\t\t\t<cite>\n\t\t\t\t\t\t<a href=\"https:\/\/www.turf.fr\/social\/turfistes\/zitoon93\/\" class=\"bp-tooltip\" data-bp-tooltip-pos=\"up\" data-bp-tooltip=\"Zitoon93\">\n\t\t\t\t\t\t\t<img loading=\"lazy\" decoding=\"async\" src=\"https:\/\/www.turf.fr\/social\/wp-content\/uploads\/avatars\/623\/60182bd3f3865-bpthumb.jpg\" class=\"avatar user-623-avatar avatar-40 photo\" width=\"40\" height=\"40\" alt=\"Photo de Profil de Zitoon93\" \/>\t\t\t\t\t\t<\/a>\n\t\t\t\t\t<\/cite>\n\n\t\t\t\t\t<div class=\"bp-activity-info\">\n\t\t\t\t\t\t<p><a href=\"https:\/\/www.turf.fr\/social\/turfistes\/zitoon93\/\">Zitoon93<\/a> posted a new post. <a href=\"https:\/\/www.turf.fr\/social\/?p=5214\" class=\"view activity-time-since\"><span class=\"time-since\" data-livestamp=\"2021-02-04T17:28:27+0000\">Il y a 5 ann\u00e9es<\/span><\/a><\/p>\n\t\t\t\t\t<\/div>\n\t\t\t\t<\/div>\n\n\t\t\t<\/div>\n\t\t\t\t\t<div class=\"activity-update\">\n\n\t\t\t\t<div class=\"update-item\">\n\t\t\t\t\t<cite>\n\t\t\t\t\t\t<a href=\"https:\/\/www.turf.fr\/social\/turfistes\/zitoon93\/\" class=\"bp-tooltip\" data-bp-tooltip-pos=\"up\" data-bp-tooltip=\"Zitoon93\">\n\t\t\t\t\t\t\t<img loading=\"lazy\" decoding=\"async\" src=\"https:\/\/www.turf.fr\/social\/wp-content\/uploads\/avatars\/623\/60182bd3f3865-bpthumb.jpg\" class=\"avatar user-623-avatar avatar-40 photo\" width=\"40\" height=\"40\" alt=\"Photo de Profil de Zitoon93\" \/>\t\t\t\t\t\t<\/a>\n\t\t\t\t\t<\/cite>\n\n\t\t\t\t\t<div class=\"bp-activity-info\">\n\t\t\t\t\t\t<p><a href=\"https:\/\/www.turf.fr\/social\/turfistes\/zitoon93\/\">Zitoon93<\/a> posted a new post. <a href=\"https:\/\/www.turf.fr\/social\/?p=5026\" class=\"view activity-time-since\"><span class=\"time-since\" data-livestamp=\"2021-02-02T16:18:31+0000\">Il y a 5 ann\u00e9es<\/span><\/a><\/p>\n\t\t\t\t\t<\/div>\n\t\t\t\t<\/div>\n\n\t\t\t<\/div>\n\t\t\t\t\t<div class=\"activity-update\">\n\n\t\t\t\t<div class=\"update-item\">\n\t\t\t\t\t<cite>\n\t\t\t\t\t\t<a href=\"https:\/\/www.turf.fr\/social\/turfistes\/zitoon93\/\" class=\"bp-tooltip\" data-bp-tooltip-pos=\"up\" data-bp-tooltip=\"Zitoon93\">\n\t\t\t\t\t\t\t<img loading=\"lazy\" decoding=\"async\" src=\"https:\/\/www.turf.fr\/social\/wp-content\/uploads\/avatars\/623\/60182bd3f3865-bpthumb.jpg\" class=\"avatar user-623-avatar avatar-40 photo\" width=\"40\" height=\"40\" alt=\"Photo de Profil de Zitoon93\" \/>\t\t\t\t\t\t<\/a>\n\t\t\t\t\t<\/cite>\n\n\t\t\t\t\t<div class=\"bp-activity-info\">\n\t\t\t\t\t\t<p><a href=\"https:\/\/www.turf.fr\/social\/turfistes\/zitoon93\/\">Zitoon93<\/a> posted a new post. <a href=\"https:\/\/www.turf.fr\/social\/?p=4950\" class=\"view activity-time-since\"><span class=\"time-since\" data-livestamp=\"2021-02-01T16:17:19+0000\">Il y a 5 ann\u00e9es<\/span><\/a><\/p>\n\t\t\t\t\t<\/div>\n\t\t\t\t<\/div>\n\n\t\t\t<\/div>\n\t\t\t<\/div>\n\t\t<\/div>\n\t\t\t\t<\/div>\n\t\t\t\t<div class=\"elementor-element elementor-element-c5af6d4 widget elementor-widget elementor-widget-wp-widget-bp_core_recently_active_widget\" data-id=\"c5af6d4\" data-element_type=\"widget\" data-widget_type=\"wp-widget-bp_core_recently_active_widget.default\">\n\t\t\t\t<div class=\"elementor-widget-container\">\n\t\t\t<h5>Turfistes r\u00e9cemment actifs sur le site<a href=\"\" class=\"bs-widget-reload bs-heartbeat-reload hide\"><i class=\"bb-icon-spin6\"><\/i><\/a><\/h5>\t\t<div id=\"boss_recently_active_widget_heartbeat\" data-max=\"18\">\n\t\t\t\n\t\t\t\t<div class=\"avatar-block\">\n\n\t\t\t\t\t\n\t\t\t\t\t\t<div class=\"item-avatar\">\n\t\t\t\t\t\t\t<a href=\"https:\/\/www.turf.fr\/social\/turfistes\/md88\/\" class=\"bp-tooltip\" data-bp-tooltip-pos=\"up\" data-bp-tooltip=\"md88\"><img loading=\"lazy\" decoding=\"async\" src=\"https:\/\/www.turf.fr\/social\/wp-content\/plugins\/buddyboss-platform\/bp-core\/images\/profile-avatar-buddyboss-50.png\" class=\"avatar user-108-avatar avatar-150 photo\" width=\"150\" height=\"150\" alt=\"Photo de Profil de md88\" \/><\/a>\n\t\t\t\t\t\t<\/div>\n\n\t\t\t\t\t\n\t\t\t\t\t\t<div class=\"item-avatar\">\n\t\t\t\t\t\t\t<a href=\"https:\/\/www.turf.fr\/social\/turfistes\/jielder\/\" class=\"bp-tooltip\" data-bp-tooltip-pos=\"up\" data-bp-tooltip=\"Jielder\"><img loading=\"lazy\" decoding=\"async\" src=\"https:\/\/www.turf.fr\/social\/wp-content\/uploads\/avatars\/1432\/6547688da8548-bpthumb.jpg\" class=\"avatar user-1432-avatar avatar-150 photo\" width=\"150\" height=\"150\" alt=\"Photo de Profil de Jielder\" \/><\/a>\n\t\t\t\t\t\t<\/div>\n\n\t\t\t\t\t\n\t\t\t\t\t\t<div class=\"item-avatar\">\n\t\t\t\t\t\t\t<a href=\"https:\/\/www.turf.fr\/social\/turfistes\/chris57\/\" class=\"bp-tooltip\" data-bp-tooltip-pos=\"up\" data-bp-tooltip=\"chris57\"><img loading=\"lazy\" decoding=\"async\" src=\"https:\/\/www.turf.fr\/social\/wp-content\/uploads\/avatars\/21\/5f30219fc6751-bpthumb.jpg\" class=\"avatar user-21-avatar avatar-150 photo\" width=\"150\" height=\"150\" alt=\"Photo de Profil de chris57\" \/><\/a>\n\t\t\t\t\t\t<\/div>\n\n\t\t\t\t\t\n\t\t\t\t\t\t<div class=\"item-avatar\">\n\t\t\t\t\t\t\t<a href=\"https:\/\/www.turf.fr\/social\/turfistes\/payot\/\" class=\"bp-tooltip\" data-bp-tooltip-pos=\"up\" data-bp-tooltip=\"Payot\"><img loading=\"lazy\" decoding=\"async\" src=\"https:\/\/www.turf.fr\/social\/wp-content\/uploads\/avatars\/23\/5f302c13951a7-bpthumb.jpg\" class=\"avatar user-23-avatar avatar-150 photo\" width=\"150\" height=\"150\" alt=\"Photo de Profil de Payot\" \/><\/a>\n\t\t\t\t\t\t<\/div>\n\n\t\t\t\t\t\n\t\t\t\t\t\t<div class=\"item-avatar\">\n\t\t\t\t\t\t\t<a href=\"https:\/\/www.turf.fr\/social\/turfistes\/beadan\/\" class=\"bp-tooltip\" data-bp-tooltip-pos=\"up\" data-bp-tooltip=\"Beadan\"><img loading=\"lazy\" decoding=\"async\" src=\"https:\/\/www.turf.fr\/social\/wp-content\/uploads\/avatars\/1508\/6868542fef786-bpthumb.jpg\" class=\"avatar user-1508-avatar avatar-150 photo\" width=\"150\" height=\"150\" alt=\"Photo de Profil de Beadan\" \/><\/a>\n\t\t\t\t\t\t<\/div>\n\n\t\t\t\t\t\n\t\t\t\t\t\t<div class=\"item-avatar\">\n\t\t\t\t\t\t\t<a href=\"https:\/\/www.turf.fr\/social\/turfistes\/madinina\/\" class=\"bp-tooltip\" data-bp-tooltip-pos=\"up\" data-bp-tooltip=\"Madinina\"><img loading=\"lazy\" decoding=\"async\" src=\"https:\/\/www.turf.fr\/social\/wp-content\/plugins\/buddyboss-platform\/bp-core\/images\/profile-avatar-buddyboss-50.png\" class=\"avatar user-149-avatar avatar-150 photo\" width=\"150\" height=\"150\" alt=\"Photo de Profil de Madinina\" \/><\/a>\n\t\t\t\t\t\t<\/div>\n\n\t\t\t\t\t\n\t\t\t\t\t\t<div class=\"item-avatar\">\n\t\t\t\t\t\t\t<a href=\"https:\/\/www.turf.fr\/social\/turfistes\/cobra\/\" class=\"bp-tooltip\" data-bp-tooltip-pos=\"up\" data-bp-tooltip=\"cobra\"><img loading=\"lazy\" decoding=\"async\" src=\"https:\/\/www.turf.fr\/social\/wp-content\/uploads\/avatars\/827\/6079561df324c-bpthumb.jpg\" class=\"avatar user-827-avatar avatar-150 photo\" width=\"150\" height=\"150\" alt=\"Photo de Profil de cobra\" \/><\/a>\n\t\t\t\t\t\t<\/div>\n\n\t\t\t\t\t\n\t\t\t\t\t\t<div class=\"item-avatar\">\n\t\t\t\t\t\t\t<a href=\"https:\/\/www.turf.fr\/social\/turfistes\/menzo83\/\" class=\"bp-tooltip\" data-bp-tooltip-pos=\"up\" data-bp-tooltip=\"menzo83\"><img loading=\"lazy\" decoding=\"async\" src=\"https:\/\/www.turf.fr\/social\/wp-content\/uploads\/avatars\/1416\/647c4d3c85517-bpthumb.jpg\" class=\"avatar user-1416-avatar avatar-150 photo\" width=\"150\" height=\"150\" alt=\"Photo de Profil de menzo83\" \/><\/a>\n\t\t\t\t\t\t<\/div>\n\n\t\t\t\t\t\n\t\t\t\t\t\t<div class=\"item-avatar\">\n\t\t\t\t\t\t\t<a href=\"https:\/\/www.turf.fr\/social\/turfistes\/lerenard85\/\" class=\"bp-tooltip\" data-bp-tooltip-pos=\"up\" data-bp-tooltip=\"LERENARD85\"><img loading=\"lazy\" decoding=\"async\" src=\"https:\/\/www.turf.fr\/social\/wp-content\/uploads\/avatars\/34\/5f30ef8478941-bpthumb.jpg\" class=\"avatar user-34-avatar avatar-150 photo\" width=\"150\" height=\"150\" alt=\"Photo de Profil de LERENARD85\" \/><\/a>\n\t\t\t\t\t\t<\/div>\n\n\t\t\t\t\t\n\t\t\t\t\t\t<div class=\"item-avatar\">\n\t\t\t\t\t\t\t<a href=\"https:\/\/www.turf.fr\/social\/turfistes\/dens\/\" class=\"bp-tooltip\" data-bp-tooltip-pos=\"up\" data-bp-tooltip=\"dens\"><img loading=\"lazy\" decoding=\"async\" src=\"https:\/\/www.turf.fr\/social\/wp-content\/uploads\/avatars\/167\/6919910576e3b-bpthumb.jpg\" class=\"avatar user-167-avatar avatar-150 photo\" width=\"150\" height=\"150\" alt=\"Photo de Profil de dens\" \/><\/a>\n\t\t\t\t\t\t<\/div>\n\n\t\t\t\t\t\n\t\t\t\t\t\t<div class=\"item-avatar\">\n\t\t\t\t\t\t\t<a href=\"https:\/\/www.turf.fr\/social\/turfistes\/josy\/\" class=\"bp-tooltip\" data-bp-tooltip-pos=\"up\" data-bp-tooltip=\"josy\"><img loading=\"lazy\" decoding=\"async\" src=\"https:\/\/www.turf.fr\/social\/wp-content\/uploads\/avatars\/36\/67868f7f5998d-bpthumb.jpg\" class=\"avatar user-36-avatar avatar-150 photo\" width=\"150\" height=\"150\" alt=\"Photo de Profil de josy\" \/><\/a>\n\t\t\t\t\t\t<\/div>\n\n\t\t\t\t\t\n\t\t\t\t\t\t<div class=\"item-avatar\">\n\t\t\t\t\t\t\t<a href=\"https:\/\/www.turf.fr\/social\/turfistes\/riecguingamp\/\" class=\"bp-tooltip\" data-bp-tooltip-pos=\"up\" data-bp-tooltip=\"riecguingamp\"><img loading=\"lazy\" decoding=\"async\" src=\"https:\/\/www.turf.fr\/social\/wp-content\/uploads\/avatars\/30\/5f34e77333562-bpthumb.png\" class=\"avatar user-30-avatar avatar-150 photo\" width=\"150\" height=\"150\" alt=\"Photo de Profil de riecguingamp\" \/><\/a>\n\t\t\t\t\t\t<\/div>\n\n\t\t\t\t\t\n\t\t\t\t\t\t<div class=\"item-avatar\">\n\t\t\t\t\t\t\t<a href=\"https:\/\/www.turf.fr\/social\/turfistes\/amaso\/\" class=\"bp-tooltip\" data-bp-tooltip-pos=\"up\" data-bp-tooltip=\"Amaso\"><img loading=\"lazy\" decoding=\"async\" src=\"https:\/\/www.turf.fr\/social\/wp-content\/uploads\/avatars\/52\/68ce54841a84d-bpthumb.png\" class=\"avatar user-52-avatar avatar-150 photo\" width=\"150\" height=\"150\" alt=\"Photo de Profil de Amaso\" \/><\/a>\n\t\t\t\t\t\t<\/div>\n\n\t\t\t\t\t\n\t\t\t\t\t\t<div class=\"item-avatar\">\n\t\t\t\t\t\t\t<a href=\"https:\/\/www.turf.fr\/social\/turfistes\/grenoblois-turf38\/\" class=\"bp-tooltip\" data-bp-tooltip-pos=\"up\" data-bp-tooltip=\"grenoblois-turf38\"><img loading=\"lazy\" decoding=\"async\" src=\"https:\/\/www.turf.fr\/social\/wp-content\/uploads\/avatars\/1470\/66e44612e58f0-bpthumb.png\" class=\"avatar user-1470-avatar avatar-150 photo\" width=\"150\" height=\"150\" alt=\"Photo de Profil de grenoblois-turf38\" \/><\/a>\n\t\t\t\t\t\t<\/div>\n\n\t\t\t\t\t\n\t\t\t\t\t\t<div class=\"item-avatar\">\n\t\t\t\t\t\t\t<a href=\"https:\/\/www.turf.fr\/social\/turfistes\/sergioblog066\/\" class=\"bp-tooltip\" data-bp-tooltip-pos=\"up\" data-bp-tooltip=\"sergioblog066\"><img loading=\"lazy\" decoding=\"async\" src=\"https:\/\/www.turf.fr\/social\/wp-content\/plugins\/buddyboss-platform\/bp-core\/images\/profile-avatar-buddyboss-50.png\" class=\"avatar user-1514-avatar avatar-150 photo\" width=\"150\" height=\"150\" alt=\"Photo de Profil de sergioblog066\" \/><\/a>\n\t\t\t\t\t\t<\/div>\n\n\t\t\t\t\t\n\t\t\t\t\t\t<div class=\"item-avatar\">\n\t\t\t\t\t\t\t<a href=\"https:\/\/www.turf.fr\/social\/turfistes\/grenoblois38\/\" class=\"bp-tooltip\" data-bp-tooltip-pos=\"up\" data-bp-tooltip=\"grenoblois38\"><img loading=\"lazy\" decoding=\"async\" src=\"https:\/\/www.turf.fr\/social\/wp-content\/uploads\/avatars\/29\/610c5923e6503-bpthumb.jpg\" class=\"avatar user-29-avatar avatar-150 photo\" width=\"150\" height=\"150\" alt=\"Photo de Profil de grenoblois38\" \/><\/a>\n\t\t\t\t\t\t<\/div>\n\n\t\t\t\t\t\n\t\t\t\t\t\t<div class=\"item-avatar\">\n\t\t\t\t\t\t\t<a href=\"https:\/\/www.turf.fr\/social\/turfistes\/bennym\/\" class=\"bp-tooltip\" data-bp-tooltip-pos=\"up\" data-bp-tooltip=\"bennym\"><img loading=\"lazy\" decoding=\"async\" src=\"https:\/\/www.turf.fr\/social\/wp-content\/plugins\/buddyboss-platform\/bp-core\/images\/profile-avatar-buddyboss-50.png\" class=\"avatar user-1526-avatar avatar-150 photo\" width=\"150\" height=\"150\" alt=\"Photo de Profil de bennym\" \/><\/a>\n\t\t\t\t\t\t<\/div>\n\n\t\t\t\t\t\n\t\t\t\t\t\t<div class=\"item-avatar\">\n\t\t\t\t\t\t\t<a href=\"https:\/\/www.turf.fr\/social\/turfistes\/patou\/\" class=\"bp-tooltip\" data-bp-tooltip-pos=\"up\" data-bp-tooltip=\"patou\"><img loading=\"lazy\" decoding=\"async\" src=\"https:\/\/www.turf.fr\/social\/wp-content\/plugins\/buddyboss-platform\/bp-core\/images\/profile-avatar-buddyboss-50.png\" class=\"avatar user-1525-avatar avatar-150 photo\" width=\"150\" height=\"150\" alt=\"Photo de Profil de patou\" \/><\/a>\n\t\t\t\t\t\t<\/div>\n\n\t\t\t\t\t\n\t\t\t\t<\/div>\n\t\t\t\t<div class=\"more-block \">\n\t\t\t\t\t<a href=\"https:\/\/www.turf.fr\/social\/turfistes\/\" class=\"count-more\">\n\t\t\t\t\t\tSee all<i class=\"bb-icon-l bb-icon-angle-right\"><\/i>\n\t\t\t\t\t<\/a>\n\t\t\t\t<\/div>\n\n\t\t\t\t\t<\/div>\n\t\t\t\t<\/div>\n\t\t\t\t<\/div>\n\t\t\t\t\t<\/div>\n\t\t<\/div>\n\t\t\t\t\t<\/div>\n\t\t<\/section>\n\t\t\t\t<section class=\"elementor-section elementor-top-section elementor-element elementor-element-c6176eb elementor-section-content-middle elementor-section-boxed elementor-section-height-default elementor-section-height-default\" data-id=\"c6176eb\" data-element_type=\"section\">\n\t\t\t\t\t\t<div class=\"elementor-container elementor-column-gap-default\">\n\t\t\t\t\t<div class=\"elementor-column elementor-col-50 elementor-top-column elementor-element elementor-element-6ca6135\" data-id=\"6ca6135\" data-element_type=\"column\">\n\t\t\t<div class=\"elementor-widget-wrap elementor-element-populated\">\n\t\t\t\t\t\t<div class=\"elementor-element elementor-element-46a2665 elementor-widget elementor-widget-html\" data-id=\"46a2665\" data-element_type=\"widget\" data-widget_type=\"html.default\">\n\t\t\t\t<div class=\"elementor-widget-container\">\n\t\t\t<iframe width=\"560\" height=\"315\" src=\"https:\/\/www.youtube.com\/embed\/videoseries?list=PL6sEkbqcraoKkFs8g0QcqeiGXIxOOlsTN\" frameborder=\"0\" allow=\"accelerometer; autoplay; encrypted-media; gyroscope; picture-in-picture\" allowfullscreen><\/iframe>\t\t<\/div>\n\t\t\t\t<\/div>\n\t\t\t\t\t<\/div>\n\t\t<\/div>\n\t\t\t\t<div class=\"elementor-column elementor-col-50 elementor-top-column elementor-element elementor-element-d6f189c\" data-id=\"d6f189c\" data-element_type=\"column\">\n\t\t\t<div class=\"elementor-widget-wrap elementor-element-populated\">\n\t\t\t\t\t\t<div class=\"elementor-element elementor-element-e8cfbed elementor-arrows-position-inside elementor-pagination-position-outside elementor-widget elementor-widget-image-carousel\" data-id=\"e8cfbed\" data-element_type=\"widget\" data-settings=\"{&quot;navigation&quot;:&quot;both&quot;,&quot;autoplay&quot;:&quot;yes&quot;,&quot;pause_on_hover&quot;:&quot;yes&quot;,&quot;pause_on_interaction&quot;:&quot;yes&quot;,&quot;autoplay_speed&quot;:5000,&quot;infinite&quot;:&quot;yes&quot;,&quot;speed&quot;:500}\" data-widget_type=\"image-carousel.default\">\n\t\t\t\t<div class=\"elementor-widget-container\">\n\t\t\t\t\t<div class=\"elementor-image-carousel-wrapper swiper\" dir=\"ltr\">\n\t\t\t<div class=\"elementor-image-carousel swiper-wrapper\" aria-live=\"off\">\n\t\t\t\t\t\t\t\t<div class=\"swiper-slide\" role=\"group\" aria-roledescription=\"slide\" aria-label=\"1 sur 1\"><a data-elementor-open-lightbox=\"yes\" data-elementor-lightbox-slideshow=\"e8cfbed\" data-elementor-lightbox-title=\"Devenir Blogueur TURF\" data-e-action-hash=\"#elementor-action%3Aaction%3Dlightbox%26settings%3DeyJpZCI6MTY3LCJ1cmwiOiJodHRwczpcL1wvd3d3LnR1cmYuZnJcL3NvY2lhbFwvd3AtY29udGVudFwvdXBsb2Fkc1wvMjAyMFwvMDhcL0RldmVuaXItQmxvZ3VldXItVFVSRi0ucG5nIiwic2xpZGVzaG93IjoiZThjZmJlZCJ9\" href=\"http:\/\/www.turf.fr\/social\/ecrire-un-article-de-blog\/\"><figure class=\"swiper-slide-inner\"><img decoding=\"async\" class=\"swiper-slide-image\" src=\"https:\/\/www.turf.fr\/social\/wp-content\/uploads\/2020\/08\/Devenir-Blogueur-TURF-.png\" alt=\"Devenir Blogueur TURF\" \/><\/figure><\/a><\/div>\t\t\t<\/div>\n\t\t\t\t\t<\/div>\n\t\t\t\t<\/div>\n\t\t\t\t<\/div>\n\t\t\t\t\t<\/div>\n\t\t<\/div>\n\t\t\t\t\t<\/div>\n\t\t<\/section>\n\t\t\t\t<section class=\"elementor-section elementor-top-section elementor-element elementor-element-0355522 elementor-section-stretched elementor-section-boxed elementor-section-height-default elementor-section-height-default\" data-id=\"0355522\" data-element_type=\"section\" data-settings=\"{&quot;stretch_section&quot;:&quot;section-stretched&quot;,&quot;background_background&quot;:&quot;classic&quot;}\">\n\t\t\t\t\t\t<div class=\"elementor-container elementor-column-gap-default\">\n\t\t\t\t\t<div class=\"elementor-column elementor-col-100 elementor-top-column elementor-element elementor-element-73a1862\" data-id=\"73a1862\" data-element_type=\"column\">\n\t\t\t<div class=\"elementor-widget-wrap elementor-element-populated\">\n\t\t\t\t\t\t<div class=\"elementor-element elementor-element-ee01e3a elementor-widget elementor-widget-spacer\" data-id=\"ee01e3a\" data-element_type=\"widget\" data-widget_type=\"spacer.default\">\n\t\t\t\t<div class=\"elementor-widget-container\">\n\t\t\t\t\t<div class=\"elementor-spacer\">\n\t\t\t<div class=\"elementor-spacer-inner\"><\/div>\n\t\t<\/div>\n\t\t\t\t<\/div>\n\t\t\t\t<\/div>\n\t\t\t\t\t<\/div>\n\t\t<\/div>\n\t\t\t\t\t<\/div>\n\t\t<\/section>\n\t\t\t\t<\/div>\n\t\t","protected":false},"excerpt":{"rendered":"<p>Vos Pronostics TURF Nous pr\u00e9sentons ici tous les derniers articles, pronostics Quint\u00e9, Tierc\u00e9, Quart\u00e9 et conseils de jeux des membres TURF.FR.\u00a0Tous les membres TURF.FR sont&hellip;<\/p>\n","protected":false},"author":1,"featured_media":336,"parent":0,"menu_order":0,"comment_status":"closed","ping_status":"closed","template":"","meta":{"footnotes":""},"class_list":["post-150","page","type-page","status-publish","has-post-thumbnail","hentry"],"rankMath":{"parentDomain":"www.turf.fr","noFollowDomains":[],"noFollowExcludeDomains":[],"noFollowExternalLinks":false,"featuredImageNotice":"L\u2019image en vedette devrait \u00eatre au moins 200 par 200 pixels pour \u00eatre utilis\u00e9 par Facebook et d\u2019autres sites de m\u00e9dias sociaux.","pluginReviewed":false,"postSettings":{"linkSuggestions":true,"useFocusKeyword":false},"frontEndScore":false,"postName":"nouveau-turf-fr","permalinkFormat":"https:\/\/www.turf.fr\/social\/%postname%\/","showLockModifiedDate":true,"assessor":{"focusKeywordLink":"https:\/\/www.turf.fr\/social\/wp-admin\/edit.php?focus_keyword=%focus_keyword%&post_type=%post_type%","hasTOCPlugin":true,"primaryTaxonomy":false,"serpData":{"title":"","description":"","focusKeywords":"","pillarContent":false,"canonicalUrl":"","breadcrumbTitle":"","advancedRobots":{"max-snippet":"-1","max-video-preview":"-1","max-image-preview":"large"},"facebookTitle":"","facebookDescription":"","facebookImage":"","facebookImageID":"","facebookHasOverlay":false,"facebookImageOverlay":"","facebookAuthor":"","twitterCardType":"","twitterUseFacebook":true,"twitterTitle":"","twitterDescription":"","twitterImage":"","twitterImageID":"","twitterHasOverlay":false,"twitterImageOverlay":"","twitterPlayerUrl":"","twitterPlayerSize":"","twitterPlayerStream":"","twitterPlayerStreamCtype":"","twitterAppDescription":"","twitterAppIphoneName":"","twitterAppIphoneID":"","twitterAppIphoneUrl":"","twitterAppIpadName":"","twitterAppIpadID":"","twitterAppIpadUrl":"","twitterAppGoogleplayName":"","twitterAppGoogleplayID":"","twitterAppGoogleplayUrl":"","twitterAppCountry":"","robots":{"index":true},"twitterAuthor":"identifiant","primaryTerm":0,"authorName":"admin","titleTemplate":"%title% %page% %sep% %sitename%","descriptionTemplate":"%excerpt%","showScoreFrontend":true,"lockModifiedDate":false},"powerWords":["absolument","amazement","astonishing","authentique","beau","bien-\u00eatre","brillant","captivant","charismatique","choc","clair","compl\u00e8tement","confidentiel","confiance","cons\u00e9quent","cr\u00e9atif","d\u00e9finitivement","d\u00e9licieux","d\u00e9montrer","d\u00e9p\u00eachez-vous","d\u00e9termin\u00e9","digne","dynamique","\u00e9blouissant","\u00e9clatant","\u00e9conomique","\u00e9fficace","\u00e9l\u00e9gant","\u00e9motionnel","\u00e9nergique","\u00e9norme","\u00e9poustouflant","essentiel","\u00e9tonnant","exclusif","exp\u00e9rience","fabuleux","fantastique","formidable","fort","garanti","g\u00e9ant","g\u00e9n\u00e9reux","grandiose","gratuit","habile","harmonieux","historique","hors pair","important","incroyable","indispensable","inoubliable","inspirant","innovant","intense","invention","irr\u00e9sistible","l\u00e9gendaire","lumineux","luxe","magique","magnifique","majestueux","marquant","merveilleux","miraculeux","motivant","n\u00e9cessaire","nouvelle","officiel","parfait","passionn\u00e9","persuasif","ph\u00e9nom\u00e9nal","plaisir","populaire","pouvoir","prestigieux","prodigieux","profond","prosp\u00e8re","puissant","qualit\u00e9","radieux","rapide","r\u00e9ussi","r\u00e9volutionnaire","satisfait","s\u00e9curit\u00e9","sensationnel","serein","somptueux","splendide","sublime","surprenant","talentueux","terrifiant","unique","valeur","vibrant","victorieux","vif","vraiment","z\u00e9l\u00e9"],"diacritics":{"A":"[\\u0041\\u24B6\\uFF21\\u00C0\\u00C1\\u00C2\\u1EA6\\u1EA4\\u1EAA\\u1EA8\\u00C3\\u0100\\u0102\\u1EB0\\u1EAE\\u1EB4\\u1EB2\\u0226\\u01E0\\u00C4\\u01DE\\u1EA2\\u00C5\\u01FA\\u01CD\\u0200\\u0202\\u1EA0\\u1EAC\\u1EB6\\u1E00\\u0104\\u023A\\u2C6F]","AA":"[\\uA732]","AE":"[\\u00C6\\u01FC\\u01E2]","AO":"[\\uA734]","AU":"[\\uA736]","AV":"[\\uA738\\uA73A]","AY":"[\\uA73C]","B":"[\\u0042\\u24B7\\uFF22\\u1E02\\u1E04\\u1E06\\u0243\\u0182\\u0181]","C":"[\\u0043\\u24B8\\uFF23\\u0106\\u0108\\u010A\\u010C\\u00C7\\u1E08\\u0187\\u023B\\uA73E]","D":"[\\u0044\\u24B9\\uFF24\\u1E0A\\u010E\\u1E0C\\u1E10\\u1E12\\u1E0E\\u0110\\u018B\\u018A\\u0189\\uA779]","DZ":"[\\u01F1\\u01C4]","Dz":"[\\u01F2\\u01C5]","E":"[\\u0045\\u24BA\\uFF25\\u00C8\\u00C9\\u00CA\\u1EC0\\u1EBE\\u1EC4\\u1EC2\\u1EBC\\u0112\\u1E14\\u1E16\\u0114\\u0116\\u00CB\\u1EBA\\u011A\\u0204\\u0206\\u1EB8\\u1EC6\\u0228\\u1E1C\\u0118\\u1E18\\u1E1A\\u0190\\u018E]","F":"[\\u0046\\u24BB\\uFF26\\u1E1E\\u0191\\uA77B]","G":"[\\u0047\\u24BC\\uFF27\\u01F4\\u011C\\u1E20\\u011E\\u0120\\u01E6\\u0122\\u01E4\\u0193\\uA7A0\\uA77D\\uA77E]","H":"[\\u0048\\u24BD\\uFF28\\u0124\\u1E22\\u1E26\\u021E\\u1E24\\u1E28\\u1E2A\\u0126\\u2C67\\u2C75\\uA78D]","I":"[\\u0049\\u24BE\\uFF29\\u00CC\\u00CD\\u00CE\\u0128\\u012A\\u012C\\u0130\\u00CF\\u1E2E\\u1EC8\\u01CF\\u0208\\u020A\\u1ECA\\u012E\\u1E2C\\u0197]","J":"[\\u004A\\u24BF\\uFF2A\\u0134\\u0248]","K":"[\\u004B\\u24C0\\uFF2B\\u1E30\\u01E8\\u1E32\\u0136\\u1E34\\u0198\\u2C69\\uA740\\uA742\\uA744\\uA7A2]","L":"[\\u004C\\u24C1\\uFF2C\\u013F\\u0139\\u013D\\u1E36\\u1E38\\u013B\\u1E3C\\u1E3A\\u0141\\u023D\\u2C62\\u2C60\\uA748\\uA746\\uA780]","LJ":"[\\u01C7]","Lj":"[\\u01C8]","M":"[\\u004D\\u24C2\\uFF2D\\u1E3E\\u1E40\\u1E42\\u2C6E\\u019C]","N":"[\\u004E\\u24C3\\uFF2E\\u01F8\\u0143\\u00D1\\u1E44\\u0147\\u1E46\\u0145\\u1E4A\\u1E48\\u0220\\u019D\\uA790\\uA7A4]","NJ":"[\\u01CA]","Nj":"[\\u01CB]","O":"[\\u004F\\u24C4\\uFF2F\\u00D2\\u00D3\\u00D4\\u1ED2\\u1ED0\\u1ED6\\u1ED4\\u00D5\\u1E4C\\u022C\\u1E4E\\u014C\\u1E50\\u1E52\\u014E\\u022E\\u0230\\u00D6\\u022A\\u1ECE\\u0150\\u01D1\\u020C\\u020E\\u01A0\\u1EDC\\u1EDA\\u1EE0\\u1EDE\\u1EE2\\u1ECC\\u1ED8\\u01EA\\u01EC\\u00D8\\u01FE\\u0186\\u019F\\uA74A\\uA74C]","OI":"[\\u01A2]","OO":"[\\uA74E]","OU":"[\\u0222]","P":"[\\u0050\\u24C5\\uFF30\\u1E54\\u1E56\\u01A4\\u2C63\\uA750\\uA752\\uA754]","Q":"[\\u0051\\u24C6\\uFF31\\uA756\\uA758\\u024A]","R":"[\\u0052\\u24C7\\uFF32\\u0154\\u1E58\\u0158\\u0210\\u0212\\u1E5A\\u1E5C\\u0156\\u1E5E\\u024C\\u2C64\\uA75A\\uA7A6\\uA782]","S":"[\\u0053\\u24C8\\uFF33\\u1E9E\\u015A\\u1E64\\u015C\\u1E60\\u0160\\u1E66\\u1E62\\u1E68\\u0218\\u015E\\u2C7E\\uA7A8\\uA784]","T":"[\\u0054\\u24C9\\uFF34\\u1E6A\\u0164\\u1E6C\\u021A\\u0162\\u1E70\\u1E6E\\u0166\\u01AC\\u01AE\\u023E\\uA786]","TZ":"[\\uA728]","U":"[\\u0055\\u24CA\\uFF35\\u00D9\\u00DA\\u00DB\\u0168\\u1E78\\u016A\\u1E7A\\u016C\\u00DC\\u01DB\\u01D7\\u01D5\\u01D9\\u1EE6\\u016E\\u0170\\u01D3\\u0214\\u0216\\u01AF\\u1EEA\\u1EE8\\u1EEE\\u1EEC\\u1EF0\\u1EE4\\u1E72\\u0172\\u1E76\\u1E74\\u0244]","V":"[\\u0056\\u24CB\\uFF36\\u1E7C\\u1E7E\\u01B2\\uA75E\\u0245]","VY":"[\\uA760]","W":"[\\u0057\\u24CC\\uFF37\\u1E80\\u1E82\\u0174\\u1E86\\u1E84\\u1E88\\u2C72]","X":"[\\u0058\\u24CD\\uFF38\\u1E8A\\u1E8C]","Y":"[\\u0059\\u24CE\\uFF39\\u1EF2\\u00DD\\u0176\\u1EF8\\u0232\\u1E8E\\u0178\\u1EF6\\u1EF4\\u01B3\\u024E\\u1EFE]","Z":"[\\u005A\\u24CF\\uFF3A\\u0179\\u1E90\\u017B\\u017D\\u1E92\\u1E94\\u01B5\\u0224\\u2C7F\\u2C6B\\uA762]","a":"[\\u0061\\u24D0\\uFF41\\u1E9A\\u00E0\\u00E1\\u00E2\\u1EA7\\u1EA5\\u1EAB\\u1EA9\\u00E3\\u0101\\u0103\\u1EB1\\u1EAF\\u1EB5\\u1EB3\\u0227\\u01E1\\u00E4\\u01DF\\u1EA3\\u00E5\\u01FB\\u01CE\\u0201\\u0203\\u1EA1\\u1EAD\\u1EB7\\u1E01\\u0105\\u2C65\\u0250]","aa":"[\\uA733]","ae":"[\\u00E6\\u01FD\\u01E3]","ao":"[\\uA735]","au":"[\\uA737]","av":"[\\uA739\\uA73B]","ay":"[\\uA73D]","b":"[\\u0062\\u24D1\\uFF42\\u1E03\\u1E05\\u1E07\\u0180\\u0183\\u0253]","c":"[\\u0063\\u24D2\\uFF43\\u0107\\u0109\\u010B\\u010D\\u00E7\\u1E09\\u0188\\u023C\\uA73F\\u2184]","d":"[\\u0064\\u24D3\\uFF44\\u1E0B\\u010F\\u1E0D\\u1E11\\u1E13\\u1E0F\\u0111\\u018C\\u0256\\u0257\\uA77A]","dz":"[\\u01F3\\u01C6]","e":"[\\u0065\\u24D4\\uFF45\\u00E8\\u00E9\\u00EA\\u1EC1\\u1EBF\\u1EC5\\u1EC3\\u1EBD\\u0113\\u1E15\\u1E17\\u0115\\u0117\\u00EB\\u1EBB\\u011B\\u0205\\u0207\\u1EB9\\u1EC7\\u0229\\u1E1D\\u0119\\u1E19\\u1E1B\\u0247\\u025B\\u01DD]","f":"[\\u0066\\u24D5\\uFF46\\u1E1F\\u0192\\uA77C]","g":"[\\u0067\\u24D6\\uFF47\\u01F5\\u011D\\u1E21\\u011F\\u0121\\u01E7\\u0123\\u01E5\\u0260\\uA7A1\\u1D79\\uA77F]","h":"[\\u0068\\u24D7\\uFF48\\u0125\\u1E23\\u1E27\\u021F\\u1E25\\u1E29\\u1E2B\\u1E96\\u0127\\u2C68\\u2C76\\u0265]","hv":"[\\u0195]","i":"[\\u0069\\u24D8\\uFF49\\u00EC\\u00ED\\u00EE\\u0129\\u012B\\u012D\\u00EF\\u1E2F\\u1EC9\\u01D0\\u0209\\u020B\\u1ECB\\u012F\\u1E2D\\u0268\\u0131]","j":"[\\u006A\\u24D9\\uFF4A\\u0135\\u01F0\\u0249]","k":"[\\u006B\\u24DA\\uFF4B\\u1E31\\u01E9\\u1E33\\u0137\\u1E35\\u0199\\u2C6A\\uA741\\uA743\\uA745\\uA7A3]","l":"[\\u006C\\u24DB\\uFF4C\\u0140\\u013A\\u013E\\u1E37\\u1E39\\u013C\\u1E3D\\u1E3B\\u017F\\u0142\\u019A\\u026B\\u2C61\\uA749\\uA781\\uA747]","lj":"[\\u01C9]","m":"[\\u006D\\u24DC\\uFF4D\\u1E3F\\u1E41\\u1E43\\u0271\\u026F]","n":"[\\u006E\\u24DD\\uFF4E\\u01F9\\u0144\\u00F1\\u1E45\\u0148\\u1E47\\u0146\\u1E4B\\u1E49\\u019E\\u0272\\u0149\\uA791\\uA7A5]","nj":"[\\u01CC]","o":"[\\u006F\\u24DE\\uFF4F\\u00F2\\u00F3\\u00F4\\u1ED3\\u1ED1\\u1ED7\\u1ED5\\u00F5\\u1E4D\\u022D\\u1E4F\\u014D\\u1E51\\u1E53\\u014F\\u022F\\u0231\\u00F6\\u022B\\u1ECF\\u0151\\u01D2\\u020D\\u020F\\u01A1\\u1EDD\\u1EDB\\u1EE1\\u1EDF\\u1EE3\\u1ECD\\u1ED9\\u01EB\\u01ED\\u00F8\\u01FF\\u0254\\uA74B\\uA74D\\u0275]","oi":"[\\u01A3]","ou":"[\\u0223]","oo":"[\\uA74F]","p":"[\\u0070\\u24DF\\uFF50\\u1E55\\u1E57\\u01A5\\u1D7D\\uA751\\uA753\\uA755]","q":"[\\u0071\\u24E0\\uFF51\\u024B\\uA757\\uA759]","r":"[\\u0072\\u24E1\\uFF52\\u0155\\u1E59\\u0159\\u0211\\u0213\\u1E5B\\u1E5D\\u0157\\u1E5F\\u024D\\u027D\\uA75B\\uA7A7\\uA783]","s":"[\\u0073\\u24E2\\uFF53\\u015B\\u1E65\\u015D\\u1E61\\u0161\\u1E67\\u1E63\\u1E69\\u0219\\u015F\\u023F\\uA7A9\\uA785\\u1E9B]","ss":"[\\u00DF]","t":"[\\u0074\\u24E3\\uFF54\\u1E6B\\u1E97\\u0165\\u1E6D\\u021B\\u0163\\u1E71\\u1E6F\\u0167\\u01AD\\u0288\\u2C66\\uA787]","tz":"[\\uA729]","u":"[\\u0075\\u24E4\\uFF55\\u00F9\\u00FA\\u00FB\\u0169\\u1E79\\u016B\\u1E7B\\u016D\\u00FC\\u01DC\\u01D8\\u01D6\\u01DA\\u1EE7\\u016F\\u0171\\u01D4\\u0215\\u0217\\u01B0\\u1EEB\\u1EE9\\u1EEF\\u1EED\\u1EF1\\u1EE5\\u1E73\\u0173\\u1E77\\u1E75\\u0289]","v":"[\\u0076\\u24E5\\uFF56\\u1E7D\\u1E7F\\u028B\\uA75F\\u028C]","vy":"[\\uA761]","w":"[\\u0077\\u24E6\\uFF57\\u1E81\\u1E83\\u0175\\u1E87\\u1E85\\u1E98\\u1E89\\u2C73]","x":"[\\u0078\\u24E7\\uFF58\\u1E8B\\u1E8D]","y":"[\\u0079\\u24E8\\uFF59\\u1EF3\\u00FD\\u0177\\u1EF9\\u0233\\u1E8F\\u00FF\\u1EF7\\u1E99\\u1EF5\\u01B4\\u024F\\u1EFF]","z":"[\\u007A\\u24E9\\uFF5A\\u017A\\u1E91\\u017C\\u017E\\u1E93\\u1E95\\u01B6\\u0225\\u0240\\u2C6C\\uA763]"},"researchesTests":["contentHasTOC","contentHasShortParagraphs","contentHasAssets","keywordInTitle","keywordInMetaDescription","keywordInPermalink","keywordIn10Percent","keywordInContent","keywordInSubheadings","keywordInImageAlt","keywordDensity","keywordNotUsed","lengthContent","lengthPermalink","linksHasInternal","linksHasExternals","linksNotAllExternals","titleStartWithKeyword","titleSentiment","titleHasPowerWords","titleHasNumber","hasContentAI"],"hasRedirection":false,"hasBreadcrumb":true},"homeUrl":"https:\/\/www.turf.fr\/social","objectID":335,"objectType":"post","locale":"fr","localeFull":"fr_FR","overlayImages":{"play":{"name":"Ic\u00f4ne de lecture","url":"https:\/\/www.turf.fr\/social\/wp-content\/plugins\/seo-by-rank-math\/assets\/admin\/img\/icon-play.png","path":"\/home\/turffr\/public_html\/social\/wp-content\/plugins\/seo-by-rank-math\/assets\/admin\/img\/icon-play.png","position":"middle_center"},"gif":{"name":"Ic\u00f4ne GIF","url":"https:\/\/www.turf.fr\/social\/wp-content\/plugins\/seo-by-rank-math\/assets\/admin\/img\/icon-gif.png","path":"\/home\/turffr\/public_html\/social\/wp-content\/plugins\/seo-by-rank-math\/assets\/admin\/img\/icon-gif.png","position":"middle_center"}},"defautOgImage":"http:\/\/www.turf.fr\/social\/wp-content\/uploads\/2020\/08\/Capture-d\u2019e\u0301cran-2018-08-21-a\u0300-09.03.19.png","customPermalinks":true,"isUserRegistered":false,"autoSuggestKeywords":false,"connectSiteUrl":"https:\/\/rankmath.com\/auth?site=https%3A%2F%2Fwww.turf.fr%2Fsocial&r=https%3A%2F%2Fwww.turf.fr%2Fsocial%2Fwp-json%2Fwp%2Fv2%2Fpages%2F150%3Fnonce%3D8ba6e0ea7e","maxTags":5,"trendsIcon":"<svg viewBox=\"0 0 610 610\"><path d=\"M18.85,446,174.32,290.48l58.08,58.08L76.93,504a14.54,14.54,0,0,1-20.55,0L18.83,466.48a14.54,14.54,0,0,1,0-20.55Z\" style=\"fill:#4285f4\"\/><path d=\"M242.65,242.66,377.59,377.6l-47.75,47.75a14.54,14.54,0,0,1-20.55,0L174.37,290.43l47.75-47.75A14.52,14.52,0,0,1,242.65,242.66Z\" style=\"fill:#ea4335\"\/><polygon points=\"319.53 319.53 479.26 159.8 537.34 217.88 377.61 377.62 319.53 319.53\" style=\"fill:#fabb05\"\/><path d=\"M594.26,262.73V118.61h0a16.94,16.94,0,0,0-16.94-16.94H433.2a16.94,16.94,0,0,0-12,28.92L565.34,274.71h0a16.94,16.94,0,0,0,28.92-12Z\" style=\"fill:#34a853\"\/><rect width=\"610\" height=\"610\" style=\"fill:none\"\/><\/svg>","showScore":true,"siteFavIcon":"https:\/\/www.turf.fr\/social\/wp-content\/uploads\/2020\/07\/cropped-TURF-LOGO-32x32.png","canUser":{"general":false,"advanced":false,"snippet":false,"social":false,"analysis":false,"analytics":false,"content_ai":false},"isPro":false,"is_front_page":false,"trendsUpgradeLink":"https:\/\/rankmath.com\/pricing\/?utm_source=Plugin&utm_medium=CE%20General%20Tab%20Trends&utm_campaign=WP","trendsUpgradeLabel":"Mettre \u00e0 niveau","trendsPreviewImage":"https:\/\/www.turf.fr\/social\/wp-content\/plugins\/seo-by-rank-math\/assets\/admin\/img\/trends-preview.jpg","currentEditor":false,"homepageData":{"assessor":{"powerWords":["absolument","amazement","astonishing","authentique","beau","bien-\u00eatre","brillant","captivant","charismatique","choc","clair","compl\u00e8tement","confidentiel","confiance","cons\u00e9quent","cr\u00e9atif","d\u00e9finitivement","d\u00e9licieux","d\u00e9montrer","d\u00e9p\u00eachez-vous","d\u00e9termin\u00e9","digne","dynamique","\u00e9blouissant","\u00e9clatant","\u00e9conomique","\u00e9fficace","\u00e9l\u00e9gant","\u00e9motionnel","\u00e9nergique","\u00e9norme","\u00e9poustouflant","essentiel","\u00e9tonnant","exclusif","exp\u00e9rience","fabuleux","fantastique","formidable","fort","garanti","g\u00e9ant","g\u00e9n\u00e9reux","grandiose","gratuit","habile","harmonieux","historique","hors pair","important","incroyable","indispensable","inoubliable","inspirant","innovant","intense","invention","irr\u00e9sistible","l\u00e9gendaire","lumineux","luxe","magique","magnifique","majestueux","marquant","merveilleux","miraculeux","motivant","n\u00e9cessaire","nouvelle","officiel","parfait","passionn\u00e9","persuasif","ph\u00e9nom\u00e9nal","plaisir","populaire","pouvoir","prestigieux","prodigieux","profond","prosp\u00e8re","puissant","qualit\u00e9","radieux","rapide","r\u00e9ussi","r\u00e9volutionnaire","satisfait","s\u00e9curit\u00e9","sensationnel","serein","somptueux","splendide","sublime","surprenant","talentueux","terrifiant","unique","valeur","vibrant","victorieux","vif","vraiment","z\u00e9l\u00e9"],"diacritics":true,"researchesTests":["contentHasTOC","contentHasShortParagraphs","contentHasAssets","keywordInTitle","keywordInMetaDescription","keywordInPermalink","keywordIn10Percent","keywordInContent","keywordInSubheadings","keywordInImageAlt","keywordDensity","keywordNotUsed","lengthContent","lengthPermalink","linksHasInternal","linksHasExternals","linksNotAllExternals","titleStartWithKeyword","titleSentiment","titleHasPowerWords","titleHasNumber","hasContentAI"],"hasBreadcrumb":true,"serpData":{"title":"%sitename% %page% %sep% %sitedesc%","description":"","titleTemplate":"%sitename% %page% %sep% %sitedesc%","descriptionTemplate":"","focusKeywords":"","breadcrumbTitle":"Accueil","robots":{"index":true},"advancedRobots":{"max-snippet":"-1","max-video-preview":"-1","max-image-preview":"large"},"facebookTitle":"","facebookDescription":"","facebookImage":"","facebookImageID":""}}},"tocTitle":"Table of Contents","tocExcludeHeadings":[],"listStyle":"ul"},"_links":{"self":[{"href":"https:\/\/www.turf.fr\/social\/wp-json\/wp\/v2\/pages\/150"}],"collection":[{"href":"https:\/\/www.turf.fr\/social\/wp-json\/wp\/v2\/pages"}],"about":[{"href":"https:\/\/www.turf.fr\/social\/wp-json\/wp\/v2\/types\/page"}],"author":[{"embeddable":true,"href":"https:\/\/www.turf.fr\/social\/wp-json\/wp\/v2\/users\/1"}],"replies":[{"embeddable":true,"href":"https:\/\/www.turf.fr\/social\/wp-json\/wp\/v2\/comments?post=150"}],"version-history":[{"count":0,"href":"https:\/\/www.turf.fr\/social\/wp-json\/wp\/v2\/pages\/150\/revisions"}],"wp:featuredmedia":[{"embeddable":true,"href":"https:\/\/www.turf.fr\/social\/wp-json\/wp\/v2\/media\/336"}],"wp:attachment":[{"href":"https:\/\/www.turf.fr\/social\/wp-json\/wp\/v2\/media?parent=150"}],"curies":[{"name":"wp","href":"https:\/\/api.w.org\/{rel}","templated":true}]}}